{"id":33784,"date":"2023-07-19T16:28:45","date_gmt":"2023-07-19T14:28:45","guid":{"rendered":"https:\/\/catapa.be\/?page_id=33784"},"modified":"2023-12-21T19:17:39","modified_gmt":"2023-12-21T18:17:39","slug":"right-to-say-no","status":"publish","type":"page","link":"https:\/\/catapa.be\/en\/how-we-work\/catapa-campaigns-and-projects\/right-to-say-no\/","title":{"rendered":"Right to Say No"},"content":{"rendered":"<div class=\"wpb-content-wrapper\"><p>[vc_row][vc_column css=&#8221;.vc_custom_1689176990469{margin-top: -150px !important;border-top-width: -150px !important;padding-top: -150px !important;}&#8221;][vc_column_text]<\/p>\n<h2>What is the Right to say &#8216;No&#8217;?<\/h2>\n<p style=\"text-align: justify;\"><span style=\"font-weight: 400;\"><img data-recalc-dims=\"1\" loading=\"lazy\" decoding=\"async\" class=\"alignleft wp-image-32767 \" src=\"https:\/\/i0.wp.com\/catapa.be\/wp-content\/uploads\/2023\/02\/WhatsApp-Image-2023-01-18-at-15.52.04.jpeg?resize=460%2C306&#038;ssl=1\" alt=\"\" width=\"460\" height=\"306\" srcset=\"https:\/\/i0.wp.com\/catapa.be\/wp-content\/uploads\/2023\/02\/WhatsApp-Image-2023-01-18-at-15.52.04.jpeg?resize=300%2C200&amp;ssl=1 300w, https:\/\/i0.wp.com\/catapa.be\/wp-content\/uploads\/2023\/02\/WhatsApp-Image-2023-01-18-at-15.52.04.jpeg?resize=1024%2C682&amp;ssl=1 1024w, https:\/\/i0.wp.com\/catapa.be\/wp-content\/uploads\/2023\/02\/WhatsApp-Image-2023-01-18-at-15.52.04.jpeg?resize=768%2C512&amp;ssl=1 768w, https:\/\/i0.wp.com\/catapa.be\/wp-content\/uploads\/2023\/02\/WhatsApp-Image-2023-01-18-at-15.52.04.jpeg?w=1280&amp;ssl=1 1280w\" sizes=\"auto, (max-width: 460px) 100vw, 460px\" \/>We understand <\/span><span style=\"font-weight: 400;\">The Right to Say No (RTSN)<\/span><span style=\"font-weight: 400;\"> as the inalienable and collective right of a community to say No to extractive projects on the<\/span><i><span style=\"font-weight: 400;\"> territories <\/span><\/i><span style=\"font-weight: 400;\">\/ lands they are living within. The Right to Say No can be pursued in many different ways and should therefore be understood as a pluralistic and heterogenous concept. The pursuit of this right can never be limited to what existing international, national or local normative bodies guarantee for these communities[<a href=\"#footnotes\">1<\/a>].<\/span><span style=\"font-weight: 400;\">\u00a0<\/span><\/p>\n<p>[\/vc_column_text][\/vc_column][\/vc_row][vc_row full_width=&#8221;stretch_row&#8221; css=&#8221;.vc_custom_1535376197063{margin-bottom: 0px !important;border-bottom-width: 0px !important;padding-bottom: 0px !important;background-color: #efefef !important;}&#8221; el_id=&#8221;latest-articles&#8221;][vc_column css=&#8221;.vc_custom_1535376096604{margin-top: 0px !important;margin-bottom: 0px !important;border-top-width: 0px !important;border-bottom-width: 0px !important;padding-top: 0px !important;padding-bottom: 0px !important;}&#8221;][vc_column_text css=&#8221;.vc_custom_1692956040825{margin-top: 0px !important;margin-bottom: 0px !important;border-top-width: 0px !important;border-bottom-width: 0px !important;padding-top: 0px !important;padding-bottom: 0px !important;}&#8221;]<\/p>\n<h2 style=\"text-align: left;\">Latest articles on the Right to say &#8216;No&#8217;<\/h2>\n<p>[\/vc_column_text][vc_basic_grid post_type=&#8221;post&#8221; max_items=&#8221;4&#8243; element_width=&#8221;3&#8243; gap=&#8221;15&#8243; item=&#8221;7496&#8243; grid_id=&#8221;vc_gid:1703182257710-5e61ca09-5449-5&#8243; css=&#8221;.vc_custom_1690811633462{margin-top: 0px !important;margin-bottom: 0px !important;border-top-width: 0px !important;border-bottom-width: 0px !important;padding-top: 0px !important;padding-bottom: 0px !important;}&#8221; taxonomies=&#8221;1182, 788&#8243;][vc_cta h2=&#8221;Would you like to support the right to &#8216;say&#8217; no?&#8221; add_button=&#8221;bottom&#8221; btn_title=&#8221;Donate and support the Right To Say No&#8221; btn_color=&#8221;success&#8221; btn_align=&#8221;center&#8221; btn_link=&#8221;url:https%3A%2F%2Fcatapa.be%2Fen%2Fhow-we-work%2Fcatapa-campaigns-and-projects%2Fright-to-say-no%2Fright-to-say-no-gathering-in-the-andes-region%2F|target:_blank&#8221;]Are you wondering how you can contribute to this fight? One very real thing you can do today is make a donation to make the Right To Say No campaign!<\/p>\n<p>Our donors supported a partner exchange week of CATAPA in the fall of 2023 in Ecuador. This was a week of knowledge, concrete practical skill and strategy sharing between affected communities on preventing mining projects from entering and on dealing with the impacts of the presence of mining companies on their lands. The gathering strengthened communities in their local fight and forces bonds and alliances that ensure <strong>a united struggle to protect their Right To Say No to mining in the Andes region<\/strong>.[\/vc_cta][\/vc_column][\/vc_row][vc_row full_width=&#8221;stretch_row&#8221; css=&#8221;.vc_custom_1688032000034{background-image: url(https:\/\/catapa.be\/wp-content\/uploads\/2023\/06\/339865779_941938400173060_5361664808617805857_n.jpeg?id=33737) !important;background-position: center !important;background-repeat: no-repeat !important;background-size: cover !important;}&#8221;][vc_column][vc_custom_heading text=&#8221;Why the RTSN?&#8221; font_container=&#8221;tag:h1|font_size:50|text_align:left|color:%23ffffff&#8221; google_fonts=&#8221;font_family:Quicksand%3A300%2Cregular%2C700|font_style:400%20regular%3A400%3Anormal&#8221;][\/vc_column][\/vc_row][vc_row][vc_column css=&#8221;.vc_custom_1689177129043{margin-top: -50px !important;border-top-width: -50px !important;padding-top: -50px !important;}&#8221;][vc_column_text]<\/p>\n<p style=\"text-align: justify;\"><span style=\"font-weight: 400;\">We recognise that there are specific groups of people that are disproportionately affected by extractivism, like women, indigenous, working class, peasant and racialized communities. The Right to Say No <\/span><b>does always include the right to decide about one\u2019s body,<\/b><span style=\"font-weight: 400;\"> especially for these communities or groups of people who historically have had the autonomy over their bodies taken away[<a href=\"#footnotes\">2<\/a>].<\/span><span style=\"font-weight: 400;\"> We and our bodies are not separate but part of the natural surroundings we have the right to decide on.\u00a0<\/span><\/p>\n<p style=\"text-align: justify;\"><span style=\"font-weight: 400;\">The Right To Say No includes the right for the communities to decide: <\/span><span style=\"font-weight: 400;\">to say yes<\/span><span style=\"font-weight: 400;\"> to their chosen way of living and relation with their surroundings. <\/span><b>To live and create realities and futures not based on extractivism, but on reciprocal, interdependent and caring relationships of communities with the <\/b><b><i>territory<\/i><\/b><b>\/land they are living within. <\/b><span style=\"font-weight: 400;\">\u00a0<\/span><\/p>\n<p style=\"text-align: justify;\"><span style=\"font-weight: 400;\">For this <\/span><i><span style=\"font-weight: 400;\">yes,<\/span><\/i><span style=\"font-weight: 400;\"> many ways of living exist and can be found, like Buen Vivir in the Latin American context or Degrowth in Europe. We believe communities have been imagining and actively embodying alternative relations in many forms for generations, without the need to name or categorize them. We believe that there is not one, but many ways to live in harmony within the web of life, many of which are futures we are only just beginning to build and dream into existence.\u00a0<\/span><\/p>\n<p style=\"text-align: justify;\"><span style=\"font-weight: 400;\">We understand the Right to Say No as a continuous right. The Right to Say No is not limited in time. The Right to Say No can be pursued a preventive level (eg. bans or moratoria on mining, no go zones), at an early level (eg. popular referendum banning mining before activities start), during activities (eg. halting a mine through legal procedures or occupations, procedures because of human rights violations caused by extractive projects) and post activities (eg. demands for reparations for the community and remediation and restoration of the land and life).<\/span><\/p>\n<p>[\/vc_column_text][\/vc_column][\/vc_row][vc_row full_width=&#8221;stretch_row&#8221; css=&#8221;.vc_custom_1688032130653{background-image: url(https:\/\/catapa.be\/wp-content\/uploads\/2022\/12\/quito-sin-mineria-slider-.png?id=31881) !important;background-position: center !important;background-repeat: no-repeat !important;background-size: cover !important;}&#8221;][vc_column][vc_custom_heading text=&#8221;The RTSN and CATAPA&#8221; font_container=&#8221;tag:h2|font_size:50|text_align:left|color:%23ffffff&#8221; google_fonts=&#8221;font_family:Quicksand%3A300%2Cregular%2C700|font_style:400%20regular%3A400%3Anormal&#8221;][\/vc_column][\/vc_row][vc_row][vc_column css=&#8221;.vc_custom_1689177249544{margin-top: -100px !important;border-top-width: -100px !important;padding-top: -100px !important;}&#8221;][vc_column_text]<\/p>\n<p style=\"text-align: justify;\"><span style=\"font-weight: 400;\">In Catapa our focus is to defend the Right to Say NO of communities against metal mining projects on the lands\/territories they are living and depending on. However our understanding of the Right to Say No as stated above is not confined to mining alone. Our fight is only a part in a bigger struggle to defend communities affected by all types of extractivism. We are part of a pluriverse of movements and initiatives aimed at bringing down and transforming power systems based on the oppression of lands and people. On a systemic level we defend the Right to Say No to a destructive economic system which harms people, land and nature for profit. We believe other worlds are possible and within our reach if we join collective forces to realize them.\u00a0<\/span><\/p>\n<p>[\/vc_column_text][\/vc_column][\/vc_row][vc_row][vc_column css=&#8221;.vc_custom_1689177297509{margin-top: -200px !important;border-top-width: -200px !important;padding-top: -200px !important;border-top-color: #bf1185 !important;}&#8221;][vc_column_text]<\/p>\n<h3 style=\"font-weight: 400; text-align: center;\"><b><i>This concept was inspired by the thoughts of, and exchanges with, our partners in Colombia, Bolivia, Ecuador and Peru, as well as lessons learned from activists all over the globe participating in the Yes to Life No to Mining network. We build further on the contributions and developments of the concept of the Right To Say No by the feminist collective Womin in South Africa as well as on the sessions and the Final Declaration of the Thematic Social Forum on Mining &amp; The Extractivist Economy held in 2018.<\/i><\/b><\/h3>\n<p>[\/vc_column_text][\/vc_column][\/vc_row][vc_row el_id=&#8221;footnotes&#8221;][vc_column][vc_column_text]<span style=\"font-weight: 400;\">Footnotes:<br \/>\n1 These normative bodies are historically written and made for and by groups in power and protect the systems of profit that to survive will oppress and destruct the targeted communities and their lands. We therefore do not limit the Right to Say No to existing laws or treaties.<br \/>\n<\/span><span style=\"font-weight: 400;\">2 <\/span><span style=\"font-weight: 400;\">Here, the meaning of body is the human body. Inside of the systems of colonial capitalism and patriarchy certain groups: women, racialized people, indigenous people, working class, people with disabilities,&#8230; have had their bodily autonomy taken away. The people in power in these systems have made these groups their property and\/or have limited their bodily autonomy, including their reproductive rights. <\/span>[\/vc_column_text][\/vc_column][\/vc_row][vc_row full_width=&#8221;stretch_row&#8221; css=&#8221;.vc_custom_1535109729759{margin-bottom: 0px !important;border-bottom-width: 0px !important;background-color: #01a053 !important;background-position: center !important;background-repeat: no-repeat !important;background-size: cover !important;}&#8221;][vc_column width=&#8221;1\/2&#8243; css=&#8221;.vc_custom_1535037681167{padding-top: 0px !important;padding-right: 35px !important;padding-bottom: 0px !important;padding-left: 35px !important;}&#8221;][vc_custom_heading text=&#8221;Right To Say No, from Ecuador to Belgium&#8221; font_container=&#8221;tag:h2|font_size:35|text_align:left|color:%23ffffff&#8221; google_fonts=&#8221;font_family:Quicksand%3A300%2Cregular%2C700|font_style:400%20regular%3A400%3Anormal&#8221;][vc_custom_heading text=&#8221;In Ecuador, Danila Andagoya and Nathalia Bonilla fight every day for the right to say &#8216;no&#8217; to mining projects.<br \/>\nTheir opposition to mining projects around the Ecuadorian capital Quito may seem far from our lives, but it is not.<br \/>\nWe also have the right here and now to say &#8216;no&#8217; to unrestrained economic growth and our current economic model. But there is also hope, we say &#8216;yes&#8217; to a different way of organizing our society.&#8221; font_container=&#8221;tag:h2|font_size:20|text_align:left|color:%23ffffff&#8221; google_fonts=&#8221;font_family:Quicksand%3A300%2Cregular%2C700|font_style:400%20regular%3A400%3Anormal&#8221;][\/vc_column][vc_column width=&#8221;1\/2&#8243; css=&#8221;.vc_custom_1535037636028{padding-top: 0px !important;}&#8221;][vc_column_text]<iframe loading=\"lazy\" title=\"YouTube video player\" src=\"https:\/\/www.youtube.com\/embed\/tst90Z8EZtM\" width=\"560\" height=\"315\" frameborder=\"0\" allowfullscreen=\"allowfullscreen\"><\/iframe>[\/vc_column_text][\/vc_column][\/vc_row]<\/p>\n<\/div>","protected":false},"excerpt":{"rendered":"<p>[vc_row][vc_column css=&#8221;.vc_custom_1689176990469{margin-top: -150px !important;border-top-width: -150px !important;padding-top: -150px !important;}&#8221;][vc_column_text] What is the Right to say &#8216;No&#8217;? We understand The Right to Say No (RTSN) as the inalienable and collective right of a community to say No<br \/><a class=\"read-more\" href=\"https:\/\/catapa.be\/en\/how-we-work\/catapa-campaigns-and-projects\/right-to-say-no\/\">Read More<\/a><\/p>\n","protected":false},"author":67,"featured_media":0,"parent":2686,"menu_order":3,"comment_status":"closed","ping_status":"closed","template":"","meta":{"_exactmetrics_skip_tracking":false,"_exactmetrics_sitenote_active":false,"_exactmetrics_sitenote_note":"","_exactmetrics_sitenote_category":0,"jetpack_post_was_ever_published":false,"footnotes":""},"class_list":["post-33784","page","type-page","status-publish","hentry"],"yoast_head":"<!-- This site is optimized with the Yoast SEO plugin v26.8 - https:\/\/yoast.com\/product\/yoast-seo-wordpress\/ -->\n<title>Right to Say No - CATAPA vzw<\/title>\n<meta name=\"description\" content=\"The Right To Say No includes the right for the communities to decide: to say yes to their chosen way of living and relation with their surroundings. To live and create realities and futures not based on extractivism. \u00a0\" \/>\n<meta name=\"robots\" content=\"index, follow, max-snippet:-1, max-image-preview:large, max-video-preview:-1\" \/>\n<link rel=\"canonical\" href=\"https:\/\/catapa.be\/en\/how-we-work\/catapa-campaigns-and-projects\/right-to-say-no\/\" \/>\n<meta property=\"og:locale\" content=\"en_US\" \/>\n<meta property=\"og:type\" content=\"article\" \/>\n<meta property=\"og:title\" content=\"Right to Say No - CATAPA vzw\" \/>\n<meta property=\"og:description\" content=\"The Right To Say No includes the right for the communities to decide: to say yes to their chosen way of living and relation with their surroundings. To live and create realities and futures not based on extractivism. \u00a0\" \/>\n<meta property=\"og:url\" content=\"https:\/\/catapa.be\/en\/how-we-work\/catapa-campaigns-and-projects\/right-to-say-no\/\" \/>\n<meta property=\"og:site_name\" content=\"CATAPA vzw\" \/>\n<meta property=\"article:publisher\" content=\"https:\/\/www.facebook.com\/catapa.belgium\/\" \/>\n<meta property=\"article:modified_time\" content=\"2023-12-21T18:17:39+00:00\" \/>\n<meta property=\"og:image\" content=\"https:\/\/catapa.be\/wp-content\/uploads\/2023\/02\/WhatsApp-Image-2023-01-18-at-15.52.04-300x200.jpeg\" \/>\n<meta name=\"twitter:card\" content=\"summary_large_image\" \/>\n<meta name=\"twitter:site\" content=\"@CATAPA_Belgica\" \/>\n<meta name=\"twitter:label1\" content=\"Est. reading time\" \/>\n\t<meta name=\"twitter:data1\" content=\"26 minutes\" \/>\n<script type=\"application\/ld+json\" class=\"yoast-schema-graph\">{\"@context\":\"https:\/\/schema.org\",\"@graph\":[{\"@type\":\"WebPage\",\"@id\":\"https:\/\/catapa.be\/en\/how-we-work\/catapa-campaigns-and-projects\/right-to-say-no\/\",\"url\":\"https:\/\/catapa.be\/en\/how-we-work\/catapa-campaigns-and-projects\/right-to-say-no\/\",\"name\":\"Right to Say No - CATAPA vzw\",\"isPartOf\":{\"@id\":\"https:\/\/catapa.be\/en\/#website\"},\"primaryImageOfPage\":{\"@id\":\"https:\/\/catapa.be\/en\/how-we-work\/catapa-campaigns-and-projects\/right-to-say-no\/#primaryimage\"},\"image\":{\"@id\":\"https:\/\/catapa.be\/en\/how-we-work\/catapa-campaigns-and-projects\/right-to-say-no\/#primaryimage\"},\"thumbnailUrl\":\"https:\/\/catapa.be\/wp-content\/uploads\/2023\/02\/WhatsApp-Image-2023-01-18-at-15.52.04-300x200.jpeg\",\"datePublished\":\"2023-07-19T14:28:45+00:00\",\"dateModified\":\"2023-12-21T18:17:39+00:00\",\"description\":\"The Right To Say No includes the right for the communities to decide: to say yes to their chosen way of living and relation with their surroundings. To live and create realities and futures not based on extractivism. \u00a0\",\"breadcrumb\":{\"@id\":\"https:\/\/catapa.be\/en\/how-we-work\/catapa-campaigns-and-projects\/right-to-say-no\/#breadcrumb\"},\"inLanguage\":\"en-US\",\"potentialAction\":[{\"@type\":\"ReadAction\",\"target\":[\"https:\/\/catapa.be\/en\/how-we-work\/catapa-campaigns-and-projects\/right-to-say-no\/\"]}]},{\"@type\":\"ImageObject\",\"inLanguage\":\"en-US\",\"@id\":\"https:\/\/catapa.be\/en\/how-we-work\/catapa-campaigns-and-projects\/right-to-say-no\/#primaryimage\",\"url\":\"https:\/\/catapa.be\/wp-content\/uploads\/2023\/02\/WhatsApp-Image-2023-01-18-at-15.52.04-300x200.jpeg\",\"contentUrl\":\"https:\/\/catapa.be\/wp-content\/uploads\/2023\/02\/WhatsApp-Image-2023-01-18-at-15.52.04-300x200.jpeg\"},{\"@type\":\"BreadcrumbList\",\"@id\":\"https:\/\/catapa.be\/en\/how-we-work\/catapa-campaigns-and-projects\/right-to-say-no\/#breadcrumb\",\"itemListElement\":[{\"@type\":\"ListItem\",\"position\":1,\"name\":\"Home\",\"item\":\"https:\/\/catapa.be\/en\/\"},{\"@type\":\"ListItem\",\"position\":2,\"name\":\"How we work\",\"item\":\"https:\/\/catapa.be\/en\/how-we-work\/\"},{\"@type\":\"ListItem\",\"position\":3,\"name\":\"Campaigns and projects\",\"item\":\"https:\/\/catapa.be\/en\/how-we-work\/catapa-campaigns-and-projects\/\"},{\"@type\":\"ListItem\",\"position\":4,\"name\":\"Right to Say No\"}]},{\"@type\":\"WebSite\",\"@id\":\"https:\/\/catapa.be\/en\/#website\",\"url\":\"https:\/\/catapa.be\/en\/\",\"name\":\"CATAPA vzw\",\"description\":\"Comit\u00e9 Acad\u00e9mico T\u00e9cnico de Asesoramiento a Problemas Ambientales\",\"publisher\":{\"@id\":\"https:\/\/catapa.be\/en\/#organization\"},\"potentialAction\":[{\"@type\":\"SearchAction\",\"target\":{\"@type\":\"EntryPoint\",\"urlTemplate\":\"https:\/\/catapa.be\/en\/?s={search_term_string}\"},\"query-input\":{\"@type\":\"PropertyValueSpecification\",\"valueRequired\":true,\"valueName\":\"search_term_string\"}}],\"inLanguage\":\"en-US\"},{\"@type\":\"Organization\",\"@id\":\"https:\/\/catapa.be\/en\/#organization\",\"name\":\"CATAPA vzw\",\"url\":\"https:\/\/catapa.be\/en\/\",\"logo\":{\"@type\":\"ImageObject\",\"inLanguage\":\"en-US\",\"@id\":\"https:\/\/catapa.be\/en\/#\/schema\/logo\/image\/\",\"url\":\"https:\/\/i0.wp.com\/catapa.be\/wp-content\/uploads\/2019\/02\/NEW20LOGO20SHORT20PNG1.png?fit=1259%2C1321&ssl=1\",\"contentUrl\":\"https:\/\/i0.wp.com\/catapa.be\/wp-content\/uploads\/2019\/02\/NEW20LOGO20SHORT20PNG1.png?fit=1259%2C1321&ssl=1\",\"width\":1259,\"height\":1321,\"caption\":\"CATAPA vzw\"},\"image\":{\"@id\":\"https:\/\/catapa.be\/en\/#\/schema\/logo\/image\/\"},\"sameAs\":[\"https:\/\/www.facebook.com\/catapa.belgium\/\",\"https:\/\/x.com\/CATAPA_Belgica\",\"https:\/\/www.instagram.com\/catapa_vzw\/\",\"https:\/\/be.linkedin.com\/company\/catapavzw\",\"https:\/\/www.youtube.com\/channel\/UCE52-Fiyv-Fpqf2gi1qhf1g\"]}]}<\/script>\n<!-- \/ Yoast SEO plugin. -->","yoast_head_json":{"title":"Right to Say No - CATAPA vzw","description":"The Right To Say No includes the right for the communities to decide: to say yes to their chosen way of living and relation with their surroundings. To live and create realities and futures not based on extractivism. \u00a0","robots":{"index":"index","follow":"follow","max-snippet":"max-snippet:-1","max-image-preview":"max-image-preview:large","max-video-preview":"max-video-preview:-1"},"canonical":"https:\/\/catapa.be\/en\/how-we-work\/catapa-campaigns-and-projects\/right-to-say-no\/","og_locale":"en_US","og_type":"article","og_title":"Right to Say No - CATAPA vzw","og_description":"The Right To Say No includes the right for the communities to decide: to say yes to their chosen way of living and relation with their surroundings. To live and create realities and futures not based on extractivism. \u00a0","og_url":"https:\/\/catapa.be\/en\/how-we-work\/catapa-campaigns-and-projects\/right-to-say-no\/","og_site_name":"CATAPA vzw","article_publisher":"https:\/\/www.facebook.com\/catapa.belgium\/","article_modified_time":"2023-12-21T18:17:39+00:00","og_image":[{"url":"https:\/\/catapa.be\/wp-content\/uploads\/2023\/02\/WhatsApp-Image-2023-01-18-at-15.52.04-300x200.jpeg","type":"","width":"","height":""}],"twitter_card":"summary_large_image","twitter_site":"@CATAPA_Belgica","twitter_misc":{"Est. reading time":"26 minutes"},"schema":{"@context":"https:\/\/schema.org","@graph":[{"@type":"WebPage","@id":"https:\/\/catapa.be\/en\/how-we-work\/catapa-campaigns-and-projects\/right-to-say-no\/","url":"https:\/\/catapa.be\/en\/how-we-work\/catapa-campaigns-and-projects\/right-to-say-no\/","name":"Right to Say No - CATAPA vzw","isPartOf":{"@id":"https:\/\/catapa.be\/en\/#website"},"primaryImageOfPage":{"@id":"https:\/\/catapa.be\/en\/how-we-work\/catapa-campaigns-and-projects\/right-to-say-no\/#primaryimage"},"image":{"@id":"https:\/\/catapa.be\/en\/how-we-work\/catapa-campaigns-and-projects\/right-to-say-no\/#primaryimage"},"thumbnailUrl":"https:\/\/catapa.be\/wp-content\/uploads\/2023\/02\/WhatsApp-Image-2023-01-18-at-15.52.04-300x200.jpeg","datePublished":"2023-07-19T14:28:45+00:00","dateModified":"2023-12-21T18:17:39+00:00","description":"The Right To Say No includes the right for the communities to decide: to say yes to their chosen way of living and relation with their surroundings. To live and create realities and futures not based on extractivism. \u00a0","breadcrumb":{"@id":"https:\/\/catapa.be\/en\/how-we-work\/catapa-campaigns-and-projects\/right-to-say-no\/#breadcrumb"},"inLanguage":"en-US","potentialAction":[{"@type":"ReadAction","target":["https:\/\/catapa.be\/en\/how-we-work\/catapa-campaigns-and-projects\/right-to-say-no\/"]}]},{"@type":"ImageObject","inLanguage":"en-US","@id":"https:\/\/catapa.be\/en\/how-we-work\/catapa-campaigns-and-projects\/right-to-say-no\/#primaryimage","url":"https:\/\/catapa.be\/wp-content\/uploads\/2023\/02\/WhatsApp-Image-2023-01-18-at-15.52.04-300x200.jpeg","contentUrl":"https:\/\/catapa.be\/wp-content\/uploads\/2023\/02\/WhatsApp-Image-2023-01-18-at-15.52.04-300x200.jpeg"},{"@type":"BreadcrumbList","@id":"https:\/\/catapa.be\/en\/how-we-work\/catapa-campaigns-and-projects\/right-to-say-no\/#breadcrumb","itemListElement":[{"@type":"ListItem","position":1,"name":"Home","item":"https:\/\/catapa.be\/en\/"},{"@type":"ListItem","position":2,"name":"How we work","item":"https:\/\/catapa.be\/en\/how-we-work\/"},{"@type":"ListItem","position":3,"name":"Campaigns and projects","item":"https:\/\/catapa.be\/en\/how-we-work\/catapa-campaigns-and-projects\/"},{"@type":"ListItem","position":4,"name":"Right to Say No"}]},{"@type":"WebSite","@id":"https:\/\/catapa.be\/en\/#website","url":"https:\/\/catapa.be\/en\/","name":"CATAPA vzw","description":"Comit\u00e9 Acad\u00e9mico T\u00e9cnico de Asesoramiento a Problemas Ambientales","publisher":{"@id":"https:\/\/catapa.be\/en\/#organization"},"potentialAction":[{"@type":"SearchAction","target":{"@type":"EntryPoint","urlTemplate":"https:\/\/catapa.be\/en\/?s={search_term_string}"},"query-input":{"@type":"PropertyValueSpecification","valueRequired":true,"valueName":"search_term_string"}}],"inLanguage":"en-US"},{"@type":"Organization","@id":"https:\/\/catapa.be\/en\/#organization","name":"CATAPA vzw","url":"https:\/\/catapa.be\/en\/","logo":{"@type":"ImageObject","inLanguage":"en-US","@id":"https:\/\/catapa.be\/en\/#\/schema\/logo\/image\/","url":"https:\/\/i0.wp.com\/catapa.be\/wp-content\/uploads\/2019\/02\/NEW20LOGO20SHORT20PNG1.png?fit=1259%2C1321&ssl=1","contentUrl":"https:\/\/i0.wp.com\/catapa.be\/wp-content\/uploads\/2019\/02\/NEW20LOGO20SHORT20PNG1.png?fit=1259%2C1321&ssl=1","width":1259,"height":1321,"caption":"CATAPA vzw"},"image":{"@id":"https:\/\/catapa.be\/en\/#\/schema\/logo\/image\/"},"sameAs":["https:\/\/www.facebook.com\/catapa.belgium\/","https:\/\/x.com\/CATAPA_Belgica","https:\/\/www.instagram.com\/catapa_vzw\/","https:\/\/be.linkedin.com\/company\/catapavzw","https:\/\/www.youtube.com\/channel\/UCE52-Fiyv-Fpqf2gi1qhf1g"]}]}},"jetpack_sharing_enabled":true,"jetpack_likes_enabled":true,"jetpack-related-posts":[{"id":35248,"url":"https:\/\/catapa.be\/en\/right-to-say-no-tour-24\/","url_meta":{"origin":33784,"position":0},"title":"Right to Say No Tour &#8217;24","author":"Koerian","date":"07\/03\/2024","format":false,"excerpt":"[vc_row css=\".vc_custom_1709819520514{padding-bottom: -500px !important;}\"][vc_column width=\"1\/2\" css=\".vc_custom_1709819510315{padding-bottom: -500px !important;}\"][vc_column_text]The Right To Say No Tour is back and this year, we will be receiving two activists, Carolina and Wilder, who are fighting against mining in the region of Falan, Colombia! There, colonialism is making a comeback - three mining multinationals are exploring\u2026","rel":"","context":"Similar post","block_context":{"text":"Similar post","link":""},"img":{"alt_text":"","src":"","width":0,"height":0},"classes":[]},{"id":701,"url":"https:\/\/catapa.be\/en\/","url_meta":{"origin":33784,"position":1},"title":"Home","author":"Alienor de Sas","date":"20\/05\/2011","format":false,"excerpt":"[vc_row full_width=\"stretch_row\"][vc_column][vc_cta h2=\"The right to say 'no'\" txt_align=\"center\" shape=\"square\" add_button=\"bottom\" btn_title=\"Support the campaign\" btn_color=\"orange\" btn_align=\"center\" btn_link=\"url:https%3A%2F%2Fcatapa.be%2Fen%2Fhow-we-work%2Fcatapa-campaigns-and-projects%2Fright-to-say-no|title:The%20right%20to%20say%20'no'\"]We support communities' right to say 'no' to mining and the system that makes mining necessary. In the Andes region and here![\/vc_cta][\/vc_column][vc_column css=\".vc_custom_1535376096604{margin-top: 0px !important;margin-bottom: 0px !important;border-top-width: 0px !important;border-bottom-width: 0px !important;padding-top: 0px !important;padding-bottom: 0px !important;}\"][vc_column_text\u2026","rel":"","context":"Similar post","block_context":{"text":"Similar post","link":""},"img":{"alt_text":"","src":"","width":0,"height":0},"classes":[]},{"id":32644,"url":"https:\/\/catapa.be\/en\/catapa-celebrates-a-new-speaker-tour-with-activists-from-ecuador\/","url_meta":{"origin":33784,"position":2},"title":"The Right to Say No, from Ecuador to Belgium","author":"Estefan\u00eda","date":"07\/02\/2023","format":false,"excerpt":"[vc_row css=\".vc_custom_1675936624176{margin-top: 0px !important;margin-bottom: 0px !important;border-top-width: 0px !important;border-bottom-width: 0px !important;padding-top: 0px !important;padding-bottom: 0px !important;}\"][vc_column width=\"1\/2\"][vc_cta h2=\"CATAPA celebrates a new Speaker Tour with activists from Ecuador\"][\/vc_cta][vc_gallery type=\"flexslider_slide\" interval=\"10\" images=\"32761,32764,32755,32758,32767\" img_size=\"full\"][\/vc_column][vc_column width=\"1\/2\"][vc_cta h2=\"\" style=\"custom\" custom_background=\"#01a053\" custom_text=\"#ffffff\"]For another year, Catapa is inviting several activists from Latin America to share their first-hand account of\u2026","rel":"","context":"Similar post","block_context":{"text":"Similar post","link":""},"img":{"alt_text":"","src":"https:\/\/i0.wp.com\/catapa.be\/wp-content\/uploads\/2023\/02\/webteaser.png?fit=1200%2C675&ssl=1&resize=350%2C200","width":350,"height":200,"srcset":"https:\/\/i0.wp.com\/catapa.be\/wp-content\/uploads\/2023\/02\/webteaser.png?fit=1200%2C675&ssl=1&resize=350%2C200 1x, https:\/\/i0.wp.com\/catapa.be\/wp-content\/uploads\/2023\/02\/webteaser.png?fit=1200%2C675&ssl=1&resize=525%2C300 1.5x, https:\/\/i0.wp.com\/catapa.be\/wp-content\/uploads\/2023\/02\/webteaser.png?fit=1200%2C675&ssl=1&resize=700%2C400 2x, https:\/\/i0.wp.com\/catapa.be\/wp-content\/uploads\/2023\/02\/webteaser.png?fit=1200%2C675&ssl=1&resize=1050%2C600 3x"},"classes":[]},{"id":33853,"url":"https:\/\/catapa.be\/en\/how-we-work\/catapa-campaigns-and-projects\/right-to-say-no\/right-to-say-no-gathering-in-the-andes-region\/","url_meta":{"origin":33784,"position":3},"title":"Right To Say No Gathering in the Andes Region","author":"Simon Berlo","date":"07\/08\/2023","format":false,"excerpt":"[vc_section][vc_row css=\".vc_custom_1690880892961{margin-top: 0px !important;margin-bottom: 0px !important;border-top-width: 0px !important;border-bottom-width: 0px !important;padding-top: 0px !important;padding-bottom: 0px !important;}\"][vc_column css=\".vc_custom_1690880879850{margin-top: 0px !important;margin-bottom: 0px !important;border-top-width: 0px !important;border-bottom-width: 0px !important;padding-top: 0px !important;padding-bottom: 0px !important;}\"][vc_column_text] Shared knowledge and solidarity in anti-mining struggles [\/vc_column_text][vc_column_text]Every four year, CATAPA\u2019s partners meet in the territory of one of the partner organisations during\u2026","rel":"","context":"Similar post","block_context":{"text":"Similar post","link":""},"img":{"alt_text":"","src":"","width":0,"height":0},"classes":[]},{"id":33785,"url":"https:\/\/catapa.be\/es\/labor\/campanas\/right-to-say-no\/","url_meta":{"origin":33784,"position":4},"title":"Right To Say No","author":"Estefan\u00eda","date":"19\/07\/2023","format":false,"excerpt":"[vc_row css=\".vc_custom_1689176811223{margin-bottom: -25px !important;border-bottom-width: -25px !important;padding-bottom: -25px !important;}\"][vc_column css=\".vc_custom_1689176990469{margin-top: -150px !important;border-top-width: -150px !important;padding-top: -150px !important;}\"][vc_column_text] \u00bfQu\u00e9 es RTSN? Entendemos el Derecho a Decir No como el derecho inalienable y colectivo de una comunidad a decir No a proyectos extractivos en los territorios que habitan. El Derecho a Decir No se\u2026","rel":"","context":"Similar post","block_context":{"text":"Similar post","link":""},"img":{"alt_text":"","src":"https:\/\/i0.wp.com\/catapa.be\/wp-content\/uploads\/2023\/02\/WhatsApp-Image-2023-01-18-at-15.52.04-300x200.jpeg?resize=350%2C200&ssl=1","width":350,"height":200},"classes":[]},{"id":35038,"url":"https:\/\/catapa.be\/en\/thank-you-for-enabling-care-hope-and-resilience\/","url_meta":{"origin":33784,"position":5},"title":"Thank you for enabling care, hope and resilience","author":"Koerian","date":"14\/02\/2024","format":false,"excerpt":"Last fall we asked you to donate to realise the Encuentro. The gathering of environmental defenders from accross the Andes and Catapistas gave rise to Network of Territories for the Right To Say No. Catapista Truike was there to soak in the care, hope and resilience of the Defenders. Read\u2026","rel":"","context":"Similar post","block_context":{"text":"Similar post","link":""},"img":{"alt_text":"","src":"","width":0,"height":0},"classes":[]}],"_links":{"self":[{"href":"https:\/\/catapa.be\/en\/wp-json\/wp\/v2\/pages\/33784","targetHints":{"allow":["GET"]}}],"collection":[{"href":"https:\/\/catapa.be\/en\/wp-json\/wp\/v2\/pages"}],"about":[{"href":"https:\/\/catapa.be\/en\/wp-json\/wp\/v2\/types\/page"}],"author":[{"embeddable":true,"href":"https:\/\/catapa.be\/en\/wp-json\/wp\/v2\/users\/67"}],"replies":[{"embeddable":true,"href":"https:\/\/catapa.be\/en\/wp-json\/wp\/v2\/comments?post=33784"}],"version-history":[{"count":29,"href":"https:\/\/catapa.be\/en\/wp-json\/wp\/v2\/pages\/33784\/revisions"}],"predecessor-version":[{"id":34601,"href":"https:\/\/catapa.be\/en\/wp-json\/wp\/v2\/pages\/33784\/revisions\/34601"}],"up":[{"embeddable":true,"href":"https:\/\/catapa.be\/en\/wp-json\/wp\/v2\/pages\/2686"}],"wp:attachment":[{"href":"https:\/\/catapa.be\/en\/wp-json\/wp\/v2\/media?parent=33784"}],"curies":[{"name":"wp","href":"https:\/\/api.w.org\/{rel}","templated":true}]}}