{"id":35143,"date":"2024-03-04T17:17:34","date_gmt":"2024-03-04T16:17:34","guid":{"rendered":"https:\/\/catapa.be\/?post_type=tribe_events&#038;p=35143"},"modified":"2024-03-15T15:35:11","modified_gmt":"2024-03-15T14:35:11","slug":"movement-and-art-to-resist-an-ecofeminism-workshop-by-dayana-corzo-isabella-arboleda","status":"publish","type":"tribe_events","link":"https:\/\/catapa.be\/en\/event\/movement-and-art-to-resist-an-ecofeminism-workshop-by-dayana-corzo-isabella-arboleda\/","title":{"rendered":"Movement and Art to resist: an ecofeminism workshop by Dayana Corzo &#038; Isabella Arboleda."},"content":{"rendered":"<div>\n<div class=\"x11i5rnm xat24cr x1mh8g0r x1vvkbs xtlvy1s\">\n<div class=\"xdj266r x11i5rnm xat24cr x1mh8g0r x1vvkbs\"><span class=\"x3nfvp2 x1j61x8r x1fcty0u xdj266r xhhsvwb xat24cr xgzva0m xxymvpz xlup9mm x1kky2od\"><img loading=\"lazy\" decoding=\"async\" class=\"xz74otr\" src=\"https:\/\/static.xx.fbcdn.net\/images\/emoji.php\/v9\/tc7\/1\/16\/1f483.png\" alt=\"\ud83d\udc83\" width=\"16\" height=\"16\" \/><\/span><span class=\"x3nfvp2 x1j61x8r x1fcty0u xdj266r xhhsvwb xat24cr xgzva0m xxymvpz xlup9mm x1kky2od\"><img loading=\"lazy\" decoding=\"async\" class=\"xz74otr\" src=\"https:\/\/static.xx.fbcdn.net\/images\/emoji.php\/v9\/tb4\/1\/16\/1f38a.png\" alt=\"\ud83c\udf8a\" width=\"16\" height=\"16\" \/><\/span>\u00a0On the occasion of International Women&#8217;s Week and the RTSN Tour, join us on a creative and engaging journey where art and activism come together to explore the power of women and their deep connection to the Earth. &#8220;Movement and Art to resist&#8221; is more than just a workshop; it&#8217;s an experience that celebrates the strength of women, using the arts and dance as tools for expression and resistance. By combining art and movement, we will delve into themes such as respect for the Earth, the concept of &#8220;buenvivir,&#8221; and the impact of extractivism on communities and the environment.<\/div>\n<div><\/div>\n<div class=\"x11i5rnm xat24cr x1mh8g0r x1vvkbs xtlvy1s\"><span class=\"x3nfvp2 x1j61x8r x1fcty0u xdj266r xhhsvwb xat24cr xgzva0m xxymvpz xlup9mm x1kky2od\"><img loading=\"lazy\" decoding=\"async\" class=\"xz74otr\" src=\"https:\/\/static.xx.fbcdn.net\/images\/emoji.php\/v9\/t8e\/1\/16\/2139.png\" alt=\"\u2139\ufe0f\" width=\"16\" height=\"16\" \/><\/span>\u00a0Dayana and Isabella, Colombian activists and artists, will guide you through a unique journey, accompanied by Carolina, an environmental activist and human rights advocate from the community of Falan, Colombia. Together, they will share stories of resistance against mining projects, highlighting the battle of women environmental and human rights defenders against extractivism.<\/div>\n<div class=\"x11i5rnm xat24cr x1mh8g0r x1vvkbs xtlvy1s\"><\/div>\n<div class=\"x11i5rnm xat24cr x1mh8g0r x1vvkbs xtlvy1s\"><span class=\"x3nfvp2 x1j61x8r x1fcty0u xdj266r xhhsvwb xat24cr xgzva0m xxymvpz xlup9mm x1kky2od\"><img loading=\"lazy\" decoding=\"async\" class=\"xz74otr\" src=\"https:\/\/static.xx.fbcdn.net\/images\/emoji.php\/v9\/t94\/1\/16\/1f49a.png\" alt=\"\ud83d\udc9a\" width=\"16\" height=\"16\" \/><\/span><span class=\"x3nfvp2 x1j61x8r x1fcty0u xdj266r xhhsvwb xat24cr xgzva0m xxymvpz xlup9mm x1kky2od\"><img loading=\"lazy\" decoding=\"async\" class=\"xz74otr\" src=\"https:\/\/static.xx.fbcdn.net\/images\/emoji.php\/v9\/t46\/1\/16\/1f90e.png\" alt=\"\ud83e\udd0e\" width=\"16\" height=\"16\" \/><\/span>\u00a0Join us in this free workshop, open to everybody regardless of dance or painting skills. The event will be organised in Spanish, with translation provided in English!<br \/>\nWe look forward to having you share this inclusive and transformative experience with us!<\/div>\n<div class=\"x11i5rnm xat24cr x1mh8g0r x1vvkbs xtlvy1s\"><\/div>\n<div class=\"x11i5rnm xat24cr x1mh8g0r x1vvkbs xtlvy1s\"><span class=\"x3nfvp2 x1j61x8r x1fcty0u xdj266r xhhsvwb xat24cr xgzva0m xxymvpz xlup9mm x1kky2od\"><img loading=\"lazy\" decoding=\"async\" class=\"xz74otr\" src=\"https:\/\/static.xx.fbcdn.net\/images\/emoji.php\/v9\/t57\/1\/16\/1f609.png\" alt=\"\ud83d\ude09\" width=\"16\" height=\"16\" \/><\/span>\u00a0Register here -&gt;\u00a0<a class=\"x1i10hfl xjbqb8w x1ejq31n xd10rxx x1sy0etr x17r0tee x972fbf xcfux6l x1qhh985 xm0m39n x9f619 x1ypdohk xt0psk2 xe8uvvx xdj266r x11i5rnm xat24cr x1mh8g0r xexx8yu x4uap5 x18d9i69 xkhd6sd x16tdsg8 x1hl2dhg xggy1nq x1a2a7pz xt0b8zv x1fey0fg\" tabindex=\"0\" role=\"link\" href=\"https:\/\/forms.gle\/aYxrJLJHcSURWUsy7?fbclid=IwAR15_uqfUelSLnpDKcid9jbYMdCvisU0XkVCLl-Kvqq-eoytuPopj5ltmpE\" target=\"_blank\" rel=\"nofollow noopener noreferrer\">https:\/\/forms.gle\/aYxrJLJHcSURWUsy7<\/a><\/div>\n<div class=\"x11i5rnm xat24cr x1mh8g0r x1vvkbs xtlvy1s\">[This event is part of the RTSN Tour. Our guests, Carolina and Wilder, two activists from Falan, Colombia, are building a movement to defend their region against mining companies and their colonialism. They have the right to say no to the destruction of their region. Join the events during The Right to Say No Tour to hear about the experiences of these environmental defenders, how our \u201cgreen\u201d transition is impacting their lives and how degrowth might help their struggle.]<\/div>\n<\/div>\n<\/div>\n<div><\/div>\n<div class=\"x11i5rnm xat24cr x1mh8g0r x1vvkbs xtlvy1s\">[This event is part of the RTSN Tour. Our guests, Carolina and Wilder, two activists from Falan, Colombia, are building a movement to defend their region against mining companies and their colonialism. They have the right to say no to the destruction of their region. Join the events during The Right to Say No Tour to hear about the experiences of these environmental defenders, how our \u201cgreen\u201d transition is impacting their lives and how degrowth might help their struggle.]<\/div>\n","protected":false},"excerpt":{"rendered":"<p>\u00a0On the occasion of International Women&#8217;s Week and the RTSN Tour, join us on a creative and engaging journey where art and activism come together to explore the power of women and their deep connection<br \/><a class=\"read-more\" href=\"https:\/\/catapa.be\/en\/event\/movement-and-art-to-resist-an-ecofeminism-workshop-by-dayana-corzo-isabella-arboleda\/\">Read More<\/a><\/p>\n","protected":false},"author":70,"featured_media":35190,"comment_status":"open","ping_status":"closed","template":"","meta":{"_exactmetrics_skip_tracking":false,"_exactmetrics_sitenote_active":false,"_exactmetrics_sitenote_note":"","_exactmetrics_sitenote_category":0,"jetpack_post_was_ever_published":false,"_tribe_events_status":"","_tribe_events_status_reason":"","_tribe_events_is_hybrid":"","_tribe_events_is_virtual":"","_tribe_events_virtual_video_source":"","_tribe_events_virtual_embed_video":"","_tribe_events_virtual_linked_button_text":"","_tribe_events_virtual_linked_button":"","_tribe_events_virtual_show_embed_at":"","_tribe_events_virtual_show_embed_to":[],"_tribe_events_virtual_show_on_event":"","_tribe_events_virtual_show_on_views":"","_tribe_events_virtual_url":"","footnotes":""},"tags":[],"tribe_events_cat":[],"class_list":["post-35143","tribe_events","type-tribe_events","status-publish","has-post-thumbnail","hentry"],"yoast_head":"<!-- This site is optimized with the Yoast SEO plugin v26.8 - https:\/\/yoast.com\/product\/yoast-seo-wordpress\/ -->\n<title>Movement and Art to resist: an ecofeminism workshop by Dayana Corzo &amp; Isabella Arboleda. - CATAPA vzw<\/title>\n<meta name=\"robots\" content=\"index, follow, max-snippet:-1, max-image-preview:large, max-video-preview:-1\" \/>\n<link rel=\"canonical\" href=\"https:\/\/catapa.be\/en\/event\/movement-and-art-to-resist-an-ecofeminism-workshop-by-dayana-corzo-isabella-arboleda\/\" \/>\n<meta property=\"og:locale\" content=\"en_US\" \/>\n<meta property=\"og:type\" content=\"article\" \/>\n<meta property=\"og:title\" content=\"Movement and Art to resist: an ecofeminism workshop by Dayana Corzo &amp; Isabella Arboleda. - CATAPA vzw\" \/>\n<meta property=\"og:description\" content=\"\u00a0On the occasion of International Women&#8217;s Week and the RTSN Tour, join us on a creative and engaging journey where art and activism come together to explore the power of women and their deep connectionRead More\" \/>\n<meta property=\"og:url\" content=\"https:\/\/catapa.be\/en\/event\/movement-and-art-to-resist-an-ecofeminism-workshop-by-dayana-corzo-isabella-arboleda\/\" \/>\n<meta property=\"og:site_name\" content=\"CATAPA vzw\" \/>\n<meta property=\"article:publisher\" content=\"https:\/\/www.facebook.com\/catapa.belgium\/\" \/>\n<meta property=\"article:modified_time\" content=\"2024-03-15T14:35:11+00:00\" \/>\n<meta property=\"og:image\" content=\"https:\/\/catapa.be\/wp-content\/uploads\/2024\/03\/Facebook-16-march-e1709568976615.png\" \/>\n\t<meta property=\"og:image:width\" content=\"1000\" \/>\n\t<meta property=\"og:image:height\" content=\"563\" \/>\n\t<meta property=\"og:image:type\" content=\"image\/png\" \/>\n<meta name=\"twitter:card\" content=\"summary_large_image\" \/>\n<meta name=\"twitter:site\" content=\"@CATAPA_Belgica\" \/>\n<meta name=\"twitter:label1\" content=\"Est. reading time\" \/>\n\t<meta name=\"twitter:data1\" content=\"2 minutes\" \/>\n<script type=\"application\/ld+json\" class=\"yoast-schema-graph\">{\"@context\":\"https:\/\/schema.org\",\"@graph\":[{\"@type\":\"WebPage\",\"@id\":\"https:\/\/catapa.be\/en\/event\/movement-and-art-to-resist-an-ecofeminism-workshop-by-dayana-corzo-isabella-arboleda\/\",\"url\":\"https:\/\/catapa.be\/en\/event\/movement-and-art-to-resist-an-ecofeminism-workshop-by-dayana-corzo-isabella-arboleda\/\",\"name\":\"Movement and Art to resist: an ecofeminism workshop by Dayana Corzo & Isabella Arboleda. - CATAPA vzw\",\"isPartOf\":{\"@id\":\"https:\/\/catapa.be\/en\/#website\"},\"primaryImageOfPage\":{\"@id\":\"https:\/\/catapa.be\/en\/event\/movement-and-art-to-resist-an-ecofeminism-workshop-by-dayana-corzo-isabella-arboleda\/#primaryimage\"},\"image\":{\"@id\":\"https:\/\/catapa.be\/en\/event\/movement-and-art-to-resist-an-ecofeminism-workshop-by-dayana-corzo-isabella-arboleda\/#primaryimage\"},\"thumbnailUrl\":\"https:\/\/i0.wp.com\/catapa.be\/wp-content\/uploads\/2024\/03\/Facebook-16-march-e1709568976615.png?fit=1000%2C563&ssl=1\",\"datePublished\":\"2024-03-04T16:17:34+00:00\",\"dateModified\":\"2024-03-15T14:35:11+00:00\",\"breadcrumb\":{\"@id\":\"https:\/\/catapa.be\/en\/event\/movement-and-art-to-resist-an-ecofeminism-workshop-by-dayana-corzo-isabella-arboleda\/#breadcrumb\"},\"inLanguage\":\"en-US\",\"potentialAction\":[{\"@type\":\"ReadAction\",\"target\":[\"https:\/\/catapa.be\/en\/event\/movement-and-art-to-resist-an-ecofeminism-workshop-by-dayana-corzo-isabella-arboleda\/\"]}]},{\"@type\":\"ImageObject\",\"inLanguage\":\"en-US\",\"@id\":\"https:\/\/catapa.be\/en\/event\/movement-and-art-to-resist-an-ecofeminism-workshop-by-dayana-corzo-isabella-arboleda\/#primaryimage\",\"url\":\"https:\/\/i0.wp.com\/catapa.be\/wp-content\/uploads\/2024\/03\/Facebook-16-march-e1709568976615.png?fit=1000%2C563&ssl=1\",\"contentUrl\":\"https:\/\/i0.wp.com\/catapa.be\/wp-content\/uploads\/2024\/03\/Facebook-16-march-e1709568976615.png?fit=1000%2C563&ssl=1\",\"width\":1000,\"height\":563},{\"@type\":\"BreadcrumbList\",\"@id\":\"https:\/\/catapa.be\/en\/event\/movement-and-art-to-resist-an-ecofeminism-workshop-by-dayana-corzo-isabella-arboleda\/#breadcrumb\",\"itemListElement\":[{\"@type\":\"ListItem\",\"position\":1,\"name\":\"Home\",\"item\":\"https:\/\/catapa.be\/en\/\"},{\"@type\":\"ListItem\",\"position\":2,\"name\":\"Events\",\"item\":\"https:\/\/catapa.be\/en\/events\/\"},{\"@type\":\"ListItem\",\"position\":3,\"name\":\"Movement and Art to resist: an ecofeminism workshop by Dayana Corzo &#038; Isabella Arboleda.\"}]},{\"@type\":\"WebSite\",\"@id\":\"https:\/\/catapa.be\/en\/#website\",\"url\":\"https:\/\/catapa.be\/en\/\",\"name\":\"CATAPA vzw\",\"description\":\"Comit\u00e9 Acad\u00e9mico T\u00e9cnico de Asesoramiento a Problemas Ambientales\",\"publisher\":{\"@id\":\"https:\/\/catapa.be\/en\/#organization\"},\"potentialAction\":[{\"@type\":\"SearchAction\",\"target\":{\"@type\":\"EntryPoint\",\"urlTemplate\":\"https:\/\/catapa.be\/en\/?s={search_term_string}\"},\"query-input\":{\"@type\":\"PropertyValueSpecification\",\"valueRequired\":true,\"valueName\":\"search_term_string\"}}],\"inLanguage\":\"en-US\"},{\"@type\":\"Organization\",\"@id\":\"https:\/\/catapa.be\/en\/#organization\",\"name\":\"CATAPA vzw\",\"url\":\"https:\/\/catapa.be\/en\/\",\"logo\":{\"@type\":\"ImageObject\",\"inLanguage\":\"en-US\",\"@id\":\"https:\/\/catapa.be\/en\/#\/schema\/logo\/image\/\",\"url\":\"https:\/\/i0.wp.com\/catapa.be\/wp-content\/uploads\/2019\/02\/NEW20LOGO20SHORT20PNG1.png?fit=1259%2C1321&ssl=1\",\"contentUrl\":\"https:\/\/i0.wp.com\/catapa.be\/wp-content\/uploads\/2019\/02\/NEW20LOGO20SHORT20PNG1.png?fit=1259%2C1321&ssl=1\",\"width\":1259,\"height\":1321,\"caption\":\"CATAPA vzw\"},\"image\":{\"@id\":\"https:\/\/catapa.be\/en\/#\/schema\/logo\/image\/\"},\"sameAs\":[\"https:\/\/www.facebook.com\/catapa.belgium\/\",\"https:\/\/x.com\/CATAPA_Belgica\",\"https:\/\/www.instagram.com\/catapa_vzw\/\",\"https:\/\/be.linkedin.com\/company\/catapavzw\",\"https:\/\/www.youtube.com\/channel\/UCE52-Fiyv-Fpqf2gi1qhf1g\"]}]}<\/script>\n<!-- \/ Yoast SEO plugin. -->","yoast_head_json":{"title":"Movement and Art to resist: an ecofeminism workshop by Dayana Corzo & Isabella Arboleda. - CATAPA vzw","robots":{"index":"index","follow":"follow","max-snippet":"max-snippet:-1","max-image-preview":"max-image-preview:large","max-video-preview":"max-video-preview:-1"},"canonical":"https:\/\/catapa.be\/en\/event\/movement-and-art-to-resist-an-ecofeminism-workshop-by-dayana-corzo-isabella-arboleda\/","og_locale":"en_US","og_type":"article","og_title":"Movement and Art to resist: an ecofeminism workshop by Dayana Corzo & Isabella Arboleda. - CATAPA vzw","og_description":"\u00a0On the occasion of International Women&#8217;s Week and the RTSN Tour, join us on a creative and engaging journey where art and activism come together to explore the power of women and their deep connectionRead More","og_url":"https:\/\/catapa.be\/en\/event\/movement-and-art-to-resist-an-ecofeminism-workshop-by-dayana-corzo-isabella-arboleda\/","og_site_name":"CATAPA vzw","article_publisher":"https:\/\/www.facebook.com\/catapa.belgium\/","article_modified_time":"2024-03-15T14:35:11+00:00","og_image":[{"width":1000,"height":563,"url":"https:\/\/catapa.be\/wp-content\/uploads\/2024\/03\/Facebook-16-march-e1709568976615.png","type":"image\/png"}],"twitter_card":"summary_large_image","twitter_site":"@CATAPA_Belgica","twitter_misc":{"Est. reading time":"2 minutes"},"schema":{"@context":"https:\/\/schema.org","@graph":[{"@type":"WebPage","@id":"https:\/\/catapa.be\/en\/event\/movement-and-art-to-resist-an-ecofeminism-workshop-by-dayana-corzo-isabella-arboleda\/","url":"https:\/\/catapa.be\/en\/event\/movement-and-art-to-resist-an-ecofeminism-workshop-by-dayana-corzo-isabella-arboleda\/","name":"Movement and Art to resist: an ecofeminism workshop by Dayana Corzo & Isabella Arboleda. - CATAPA vzw","isPartOf":{"@id":"https:\/\/catapa.be\/en\/#website"},"primaryImageOfPage":{"@id":"https:\/\/catapa.be\/en\/event\/movement-and-art-to-resist-an-ecofeminism-workshop-by-dayana-corzo-isabella-arboleda\/#primaryimage"},"image":{"@id":"https:\/\/catapa.be\/en\/event\/movement-and-art-to-resist-an-ecofeminism-workshop-by-dayana-corzo-isabella-arboleda\/#primaryimage"},"thumbnailUrl":"https:\/\/i0.wp.com\/catapa.be\/wp-content\/uploads\/2024\/03\/Facebook-16-march-e1709568976615.png?fit=1000%2C563&ssl=1","datePublished":"2024-03-04T16:17:34+00:00","dateModified":"2024-03-15T14:35:11+00:00","breadcrumb":{"@id":"https:\/\/catapa.be\/en\/event\/movement-and-art-to-resist-an-ecofeminism-workshop-by-dayana-corzo-isabella-arboleda\/#breadcrumb"},"inLanguage":"en-US","potentialAction":[{"@type":"ReadAction","target":["https:\/\/catapa.be\/en\/event\/movement-and-art-to-resist-an-ecofeminism-workshop-by-dayana-corzo-isabella-arboleda\/"]}]},{"@type":"ImageObject","inLanguage":"en-US","@id":"https:\/\/catapa.be\/en\/event\/movement-and-art-to-resist-an-ecofeminism-workshop-by-dayana-corzo-isabella-arboleda\/#primaryimage","url":"https:\/\/i0.wp.com\/catapa.be\/wp-content\/uploads\/2024\/03\/Facebook-16-march-e1709568976615.png?fit=1000%2C563&ssl=1","contentUrl":"https:\/\/i0.wp.com\/catapa.be\/wp-content\/uploads\/2024\/03\/Facebook-16-march-e1709568976615.png?fit=1000%2C563&ssl=1","width":1000,"height":563},{"@type":"BreadcrumbList","@id":"https:\/\/catapa.be\/en\/event\/movement-and-art-to-resist-an-ecofeminism-workshop-by-dayana-corzo-isabella-arboleda\/#breadcrumb","itemListElement":[{"@type":"ListItem","position":1,"name":"Home","item":"https:\/\/catapa.be\/en\/"},{"@type":"ListItem","position":2,"name":"Events","item":"https:\/\/catapa.be\/en\/events\/"},{"@type":"ListItem","position":3,"name":"Movement and Art to resist: an ecofeminism workshop by Dayana Corzo &#038; Isabella Arboleda."}]},{"@type":"WebSite","@id":"https:\/\/catapa.be\/en\/#website","url":"https:\/\/catapa.be\/en\/","name":"CATAPA vzw","description":"Comit\u00e9 Acad\u00e9mico T\u00e9cnico de Asesoramiento a Problemas Ambientales","publisher":{"@id":"https:\/\/catapa.be\/en\/#organization"},"potentialAction":[{"@type":"SearchAction","target":{"@type":"EntryPoint","urlTemplate":"https:\/\/catapa.be\/en\/?s={search_term_string}"},"query-input":{"@type":"PropertyValueSpecification","valueRequired":true,"valueName":"search_term_string"}}],"inLanguage":"en-US"},{"@type":"Organization","@id":"https:\/\/catapa.be\/en\/#organization","name":"CATAPA vzw","url":"https:\/\/catapa.be\/en\/","logo":{"@type":"ImageObject","inLanguage":"en-US","@id":"https:\/\/catapa.be\/en\/#\/schema\/logo\/image\/","url":"https:\/\/i0.wp.com\/catapa.be\/wp-content\/uploads\/2019\/02\/NEW20LOGO20SHORT20PNG1.png?fit=1259%2C1321&ssl=1","contentUrl":"https:\/\/i0.wp.com\/catapa.be\/wp-content\/uploads\/2019\/02\/NEW20LOGO20SHORT20PNG1.png?fit=1259%2C1321&ssl=1","width":1259,"height":1321,"caption":"CATAPA vzw"},"image":{"@id":"https:\/\/catapa.be\/en\/#\/schema\/logo\/image\/"},"sameAs":["https:\/\/www.facebook.com\/catapa.belgium\/","https:\/\/x.com\/CATAPA_Belgica","https:\/\/www.instagram.com\/catapa_vzw\/","https:\/\/be.linkedin.com\/company\/catapavzw","https:\/\/www.youtube.com\/channel\/UCE52-Fiyv-Fpqf2gi1qhf1g"]}]}},"jetpack_sharing_enabled":true,"jetpack_likes_enabled":true,"_links":{"self":[{"href":"https:\/\/catapa.be\/en\/wp-json\/wp\/v2\/tribe_events\/35143","targetHints":{"allow":["GET"]}}],"collection":[{"href":"https:\/\/catapa.be\/en\/wp-json\/wp\/v2\/tribe_events"}],"about":[{"href":"https:\/\/catapa.be\/en\/wp-json\/wp\/v2\/types\/tribe_events"}],"author":[{"embeddable":true,"href":"https:\/\/catapa.be\/en\/wp-json\/wp\/v2\/users\/70"}],"replies":[{"embeddable":true,"href":"https:\/\/catapa.be\/en\/wp-json\/wp\/v2\/comments?post=35143"}],"version-history":[{"count":7,"href":"https:\/\/catapa.be\/en\/wp-json\/wp\/v2\/tribe_events\/35143\/revisions"}],"predecessor-version":[{"id":35312,"href":"https:\/\/catapa.be\/en\/wp-json\/wp\/v2\/tribe_events\/35143\/revisions\/35312"}],"wp:featuredmedia":[{"embeddable":true,"href":"https:\/\/catapa.be\/en\/wp-json\/wp\/v2\/media\/35190"}],"wp:attachment":[{"href":"https:\/\/catapa.be\/en\/wp-json\/wp\/v2\/media?parent=35143"}],"wp:term":[{"taxonomy":"post_tag","embeddable":true,"href":"https:\/\/catapa.be\/en\/wp-json\/wp\/v2\/tags?post=35143"},{"taxonomy":"tribe_events_cat","embeddable":true,"href":"https:\/\/catapa.be\/en\/wp-json\/wp\/v2\/tribe_events_cat?post=35143"}],"curies":[{"name":"wp","href":"https:\/\/api.w.org\/{rel}","templated":true}]}}