{"id":35152,"date":"2024-03-04T17:27:53","date_gmt":"2024-03-04T16:27:53","guid":{"rendered":"https:\/\/catapa.be\/?post_type=tribe_events&#038;p=35152"},"modified":"2024-03-15T15:29:28","modified_gmt":"2024-03-15T14:29:28","slug":"mining-in-colombia-meet-the-environmental-defenders","status":"publish","type":"tribe_events","link":"https:\/\/catapa.be\/en\/event\/mining-in-colombia-meet-the-environmental-defenders\/","title":{"rendered":"Mining in Colombia: meet the environmental defenders"},"content":{"rendered":"<div class=\"xdj266r x11i5rnm xat24cr x1mh8g0r x1vvkbs\"><strong>Carolina and Wilder, two activists from Falan, Colombia, are building a movement to defend their region against mining companies and their colonialism.<\/strong> They have the right to say no to the destruction of their region. Join the events during The Right to Say No Tour to hear about the experiences of these environmental defenders, how our \u201cgreen\u201d transition is impacting their lives and how degrowth might help their struggle.<\/div>\n<div><\/div>\n<div class=\"x11i5rnm xat24cr x1mh8g0r x1vvkbs xtlvy1s\">Carolina and Wilder are here to share their experience fighting against mining in Colombia and how standing up for their rights comes with the risk and fear of being intimidated, stigmatised and persecuted. <strong>The Right to Say No Tour is meant to bring awareness to this injustice and to also provide a network of support for the environmental defenders<\/strong> so that, when they return, they do so with the necessary tools to protect their home!<\/div>\n<div><\/div>\n<div class=\"x11i5rnm xat24cr x1mh8g0r x1vvkbs xtlvy1s\">Come meet Wilder for an engaging lecture followed by a Q&amp;A session*.<\/div>\n<div><\/div>\n<div class=\"x11i5rnm xat24cr x1mh8g0r x1vvkbs xtlvy1s\">Join us on <strong>March 25, 2024 (19:30 &#8211; 21:00)<\/strong> at <strong>University of Antwerp, Stadscampus &#8211; Zomaar een dak, Prinsstraat 32.<\/strong><\/div>\n<div><\/div>\n<div class=\"x11i5rnm xat24cr x1mh8g0r x1vvkbs xtlvy1s\">Participation is free, but make sure to register<strong> using this form<\/strong>:<br \/>\n<a class=\"x1i10hfl xjbqb8w x1ejq31n xd10rxx x1sy0etr x17r0tee x972fbf xcfux6l x1qhh985 xm0m39n x9f619 x1ypdohk xt0psk2 xe8uvvx xdj266r x11i5rnm xat24cr x1mh8g0r xexx8yu x4uap5 x18d9i69 xkhd6sd x16tdsg8 x1hl2dhg xggy1nq x1a2a7pz xt0b8zv x1fey0fg\" tabindex=\"0\" role=\"link\" href=\"https:\/\/forms.gle\/7Npt1eDdtwKNaMqd9?fbclid=IwAR0CJETCa7Wf5pe_K1-9JAiGdpfY4emA25gDbfTo4czOPI-mmMv3Db8SkzU\" target=\"_blank\" rel=\"nofollow noopener noreferrer\">https:\/\/forms.gle\/7Npt1eDdtwKNaMqd9<\/a><\/div>\n<div class=\"x11i5rnm xat24cr x1mh8g0r x1vvkbs xtlvy1s\"><\/div>\n<div class=\"x11i5rnm xat24cr x1mh8g0r x1vvkbs xtlvy1s\">*The lecture will be translated from Spanish to English, and the Q\/A will be in English.<\/div>\n","protected":false},"excerpt":{"rendered":"<p>Carolina and Wilder, two activists from Falan, Colombia, are building a movement to defend their region against mining companies and their colonialism. They have the right to say no to the destruction of their region.<br \/><a class=\"read-more\" href=\"https:\/\/catapa.be\/en\/event\/mining-in-colombia-meet-the-environmental-defenders\/\">Read More<\/a><\/p>\n","protected":false},"author":70,"featured_media":35195,"comment_status":"open","ping_status":"closed","template":"","meta":{"_exactmetrics_skip_tracking":false,"_exactmetrics_sitenote_active":false,"_exactmetrics_sitenote_note":"","_exactmetrics_sitenote_category":0,"jetpack_post_was_ever_published":false,"_tribe_events_status":"","_tribe_events_status_reason":"","_tribe_events_is_hybrid":"","_tribe_events_is_virtual":"","_tribe_events_virtual_video_source":"","_tribe_events_virtual_embed_video":"","_tribe_events_virtual_linked_button_text":"","_tribe_events_virtual_linked_button":"","_tribe_events_virtual_show_embed_at":"","_tribe_events_virtual_show_embed_to":[],"_tribe_events_virtual_show_on_event":"","_tribe_events_virtual_show_on_views":"","_tribe_events_virtual_url":"","footnotes":""},"tags":[],"tribe_events_cat":[1234],"class_list":["post-35152","tribe_events","type-tribe_events","status-publish","has-post-thumbnail","hentry","tribe_events_cat-right-to-say-no","cat_right-to-say-no"],"yoast_head":"<!-- This site is optimized with the Yoast SEO plugin v26.8 - https:\/\/yoast.com\/product\/yoast-seo-wordpress\/ -->\n<title>Mining in Colombia: meet the environmental defenders - CATAPA vzw<\/title>\n<meta name=\"robots\" content=\"index, follow, max-snippet:-1, max-image-preview:large, max-video-preview:-1\" \/>\n<link rel=\"canonical\" href=\"https:\/\/catapa.be\/en\/event\/mining-in-colombia-meet-the-environmental-defenders\/\" \/>\n<meta property=\"og:locale\" content=\"en_US\" \/>\n<meta property=\"og:type\" content=\"article\" \/>\n<meta property=\"og:title\" content=\"Mining in Colombia: meet the environmental defenders - CATAPA vzw\" \/>\n<meta property=\"og:description\" content=\"Carolina and Wilder, two activists from Falan, Colombia, are building a movement to defend their region against mining companies and their colonialism. They have the right to say no to the destruction of their region.Read More\" \/>\n<meta property=\"og:url\" content=\"https:\/\/catapa.be\/en\/event\/mining-in-colombia-meet-the-environmental-defenders\/\" \/>\n<meta property=\"og:site_name\" content=\"CATAPA vzw\" \/>\n<meta property=\"article:publisher\" content=\"https:\/\/www.facebook.com\/catapa.belgium\/\" \/>\n<meta property=\"article:modified_time\" content=\"2024-03-15T14:29:28+00:00\" \/>\n<meta property=\"og:image\" content=\"https:\/\/catapa.be\/wp-content\/uploads\/2024\/03\/Right-to-sayPRUEBA-e1709569154951.png\" \/>\n\t<meta property=\"og:image:width\" content=\"600\" \/>\n\t<meta property=\"og:image:height\" content=\"600\" \/>\n\t<meta property=\"og:image:type\" content=\"image\/png\" \/>\n<meta name=\"twitter:card\" content=\"summary_large_image\" \/>\n<meta name=\"twitter:site\" content=\"@CATAPA_Belgica\" \/>\n<meta name=\"twitter:label1\" content=\"Est. reading time\" \/>\n\t<meta name=\"twitter:data1\" content=\"1 minute\" \/>\n<script type=\"application\/ld+json\" class=\"yoast-schema-graph\">{\"@context\":\"https:\/\/schema.org\",\"@graph\":[{\"@type\":\"WebPage\",\"@id\":\"https:\/\/catapa.be\/en\/event\/mining-in-colombia-meet-the-environmental-defenders\/\",\"url\":\"https:\/\/catapa.be\/en\/event\/mining-in-colombia-meet-the-environmental-defenders\/\",\"name\":\"Mining in Colombia: meet the environmental defenders - CATAPA vzw\",\"isPartOf\":{\"@id\":\"https:\/\/catapa.be\/en\/#website\"},\"primaryImageOfPage\":{\"@id\":\"https:\/\/catapa.be\/en\/event\/mining-in-colombia-meet-the-environmental-defenders\/#primaryimage\"},\"image\":{\"@id\":\"https:\/\/catapa.be\/en\/event\/mining-in-colombia-meet-the-environmental-defenders\/#primaryimage\"},\"thumbnailUrl\":\"https:\/\/i0.wp.com\/catapa.be\/wp-content\/uploads\/2024\/03\/Right-to-sayPRUEBA-e1709569154951.png?fit=600%2C600&ssl=1\",\"datePublished\":\"2024-03-04T16:27:53+00:00\",\"dateModified\":\"2024-03-15T14:29:28+00:00\",\"breadcrumb\":{\"@id\":\"https:\/\/catapa.be\/en\/event\/mining-in-colombia-meet-the-environmental-defenders\/#breadcrumb\"},\"inLanguage\":\"en-US\",\"potentialAction\":[{\"@type\":\"ReadAction\",\"target\":[\"https:\/\/catapa.be\/en\/event\/mining-in-colombia-meet-the-environmental-defenders\/\"]}]},{\"@type\":\"ImageObject\",\"inLanguage\":\"en-US\",\"@id\":\"https:\/\/catapa.be\/en\/event\/mining-in-colombia-meet-the-environmental-defenders\/#primaryimage\",\"url\":\"https:\/\/i0.wp.com\/catapa.be\/wp-content\/uploads\/2024\/03\/Right-to-sayPRUEBA-e1709569154951.png?fit=600%2C600&ssl=1\",\"contentUrl\":\"https:\/\/i0.wp.com\/catapa.be\/wp-content\/uploads\/2024\/03\/Right-to-sayPRUEBA-e1709569154951.png?fit=600%2C600&ssl=1\",\"width\":600,\"height\":600},{\"@type\":\"BreadcrumbList\",\"@id\":\"https:\/\/catapa.be\/en\/event\/mining-in-colombia-meet-the-environmental-defenders\/#breadcrumb\",\"itemListElement\":[{\"@type\":\"ListItem\",\"position\":1,\"name\":\"Home\",\"item\":\"https:\/\/catapa.be\/en\/\"},{\"@type\":\"ListItem\",\"position\":2,\"name\":\"Events\",\"item\":\"https:\/\/catapa.be\/en\/events\/\"},{\"@type\":\"ListItem\",\"position\":3,\"name\":\"Mining in Colombia: meet the environmental defenders\"}]},{\"@type\":\"WebSite\",\"@id\":\"https:\/\/catapa.be\/en\/#website\",\"url\":\"https:\/\/catapa.be\/en\/\",\"name\":\"CATAPA vzw\",\"description\":\"Comit\u00e9 Acad\u00e9mico T\u00e9cnico de Asesoramiento a Problemas Ambientales\",\"publisher\":{\"@id\":\"https:\/\/catapa.be\/en\/#organization\"},\"potentialAction\":[{\"@type\":\"SearchAction\",\"target\":{\"@type\":\"EntryPoint\",\"urlTemplate\":\"https:\/\/catapa.be\/en\/?s={search_term_string}\"},\"query-input\":{\"@type\":\"PropertyValueSpecification\",\"valueRequired\":true,\"valueName\":\"search_term_string\"}}],\"inLanguage\":\"en-US\"},{\"@type\":\"Organization\",\"@id\":\"https:\/\/catapa.be\/en\/#organization\",\"name\":\"CATAPA vzw\",\"url\":\"https:\/\/catapa.be\/en\/\",\"logo\":{\"@type\":\"ImageObject\",\"inLanguage\":\"en-US\",\"@id\":\"https:\/\/catapa.be\/en\/#\/schema\/logo\/image\/\",\"url\":\"https:\/\/i0.wp.com\/catapa.be\/wp-content\/uploads\/2019\/02\/NEW20LOGO20SHORT20PNG1.png?fit=1259%2C1321&ssl=1\",\"contentUrl\":\"https:\/\/i0.wp.com\/catapa.be\/wp-content\/uploads\/2019\/02\/NEW20LOGO20SHORT20PNG1.png?fit=1259%2C1321&ssl=1\",\"width\":1259,\"height\":1321,\"caption\":\"CATAPA vzw\"},\"image\":{\"@id\":\"https:\/\/catapa.be\/en\/#\/schema\/logo\/image\/\"},\"sameAs\":[\"https:\/\/www.facebook.com\/catapa.belgium\/\",\"https:\/\/x.com\/CATAPA_Belgica\",\"https:\/\/www.instagram.com\/catapa_vzw\/\",\"https:\/\/be.linkedin.com\/company\/catapavzw\",\"https:\/\/www.youtube.com\/channel\/UCE52-Fiyv-Fpqf2gi1qhf1g\"]}]}<\/script>\n<!-- \/ Yoast SEO plugin. -->","yoast_head_json":{"title":"Mining in Colombia: meet the environmental defenders - CATAPA vzw","robots":{"index":"index","follow":"follow","max-snippet":"max-snippet:-1","max-image-preview":"max-image-preview:large","max-video-preview":"max-video-preview:-1"},"canonical":"https:\/\/catapa.be\/en\/event\/mining-in-colombia-meet-the-environmental-defenders\/","og_locale":"en_US","og_type":"article","og_title":"Mining in Colombia: meet the environmental defenders - CATAPA vzw","og_description":"Carolina and Wilder, two activists from Falan, Colombia, are building a movement to defend their region against mining companies and their colonialism. They have the right to say no to the destruction of their region.Read More","og_url":"https:\/\/catapa.be\/en\/event\/mining-in-colombia-meet-the-environmental-defenders\/","og_site_name":"CATAPA vzw","article_publisher":"https:\/\/www.facebook.com\/catapa.belgium\/","article_modified_time":"2024-03-15T14:29:28+00:00","og_image":[{"width":600,"height":600,"url":"https:\/\/catapa.be\/wp-content\/uploads\/2024\/03\/Right-to-sayPRUEBA-e1709569154951.png","type":"image\/png"}],"twitter_card":"summary_large_image","twitter_site":"@CATAPA_Belgica","twitter_misc":{"Est. reading time":"1 minute"},"schema":{"@context":"https:\/\/schema.org","@graph":[{"@type":"WebPage","@id":"https:\/\/catapa.be\/en\/event\/mining-in-colombia-meet-the-environmental-defenders\/","url":"https:\/\/catapa.be\/en\/event\/mining-in-colombia-meet-the-environmental-defenders\/","name":"Mining in Colombia: meet the environmental defenders - CATAPA vzw","isPartOf":{"@id":"https:\/\/catapa.be\/en\/#website"},"primaryImageOfPage":{"@id":"https:\/\/catapa.be\/en\/event\/mining-in-colombia-meet-the-environmental-defenders\/#primaryimage"},"image":{"@id":"https:\/\/catapa.be\/en\/event\/mining-in-colombia-meet-the-environmental-defenders\/#primaryimage"},"thumbnailUrl":"https:\/\/i0.wp.com\/catapa.be\/wp-content\/uploads\/2024\/03\/Right-to-sayPRUEBA-e1709569154951.png?fit=600%2C600&ssl=1","datePublished":"2024-03-04T16:27:53+00:00","dateModified":"2024-03-15T14:29:28+00:00","breadcrumb":{"@id":"https:\/\/catapa.be\/en\/event\/mining-in-colombia-meet-the-environmental-defenders\/#breadcrumb"},"inLanguage":"en-US","potentialAction":[{"@type":"ReadAction","target":["https:\/\/catapa.be\/en\/event\/mining-in-colombia-meet-the-environmental-defenders\/"]}]},{"@type":"ImageObject","inLanguage":"en-US","@id":"https:\/\/catapa.be\/en\/event\/mining-in-colombia-meet-the-environmental-defenders\/#primaryimage","url":"https:\/\/i0.wp.com\/catapa.be\/wp-content\/uploads\/2024\/03\/Right-to-sayPRUEBA-e1709569154951.png?fit=600%2C600&ssl=1","contentUrl":"https:\/\/i0.wp.com\/catapa.be\/wp-content\/uploads\/2024\/03\/Right-to-sayPRUEBA-e1709569154951.png?fit=600%2C600&ssl=1","width":600,"height":600},{"@type":"BreadcrumbList","@id":"https:\/\/catapa.be\/en\/event\/mining-in-colombia-meet-the-environmental-defenders\/#breadcrumb","itemListElement":[{"@type":"ListItem","position":1,"name":"Home","item":"https:\/\/catapa.be\/en\/"},{"@type":"ListItem","position":2,"name":"Events","item":"https:\/\/catapa.be\/en\/events\/"},{"@type":"ListItem","position":3,"name":"Mining in Colombia: meet the environmental defenders"}]},{"@type":"WebSite","@id":"https:\/\/catapa.be\/en\/#website","url":"https:\/\/catapa.be\/en\/","name":"CATAPA vzw","description":"Comit\u00e9 Acad\u00e9mico T\u00e9cnico de Asesoramiento a Problemas Ambientales","publisher":{"@id":"https:\/\/catapa.be\/en\/#organization"},"potentialAction":[{"@type":"SearchAction","target":{"@type":"EntryPoint","urlTemplate":"https:\/\/catapa.be\/en\/?s={search_term_string}"},"query-input":{"@type":"PropertyValueSpecification","valueRequired":true,"valueName":"search_term_string"}}],"inLanguage":"en-US"},{"@type":"Organization","@id":"https:\/\/catapa.be\/en\/#organization","name":"CATAPA vzw","url":"https:\/\/catapa.be\/en\/","logo":{"@type":"ImageObject","inLanguage":"en-US","@id":"https:\/\/catapa.be\/en\/#\/schema\/logo\/image\/","url":"https:\/\/i0.wp.com\/catapa.be\/wp-content\/uploads\/2019\/02\/NEW20LOGO20SHORT20PNG1.png?fit=1259%2C1321&ssl=1","contentUrl":"https:\/\/i0.wp.com\/catapa.be\/wp-content\/uploads\/2019\/02\/NEW20LOGO20SHORT20PNG1.png?fit=1259%2C1321&ssl=1","width":1259,"height":1321,"caption":"CATAPA vzw"},"image":{"@id":"https:\/\/catapa.be\/en\/#\/schema\/logo\/image\/"},"sameAs":["https:\/\/www.facebook.com\/catapa.belgium\/","https:\/\/x.com\/CATAPA_Belgica","https:\/\/www.instagram.com\/catapa_vzw\/","https:\/\/be.linkedin.com\/company\/catapavzw","https:\/\/www.youtube.com\/channel\/UCE52-Fiyv-Fpqf2gi1qhf1g"]}]}},"jetpack_sharing_enabled":true,"jetpack_likes_enabled":true,"_links":{"self":[{"href":"https:\/\/catapa.be\/en\/wp-json\/wp\/v2\/tribe_events\/35152","targetHints":{"allow":["GET"]}}],"collection":[{"href":"https:\/\/catapa.be\/en\/wp-json\/wp\/v2\/tribe_events"}],"about":[{"href":"https:\/\/catapa.be\/en\/wp-json\/wp\/v2\/types\/tribe_events"}],"author":[{"embeddable":true,"href":"https:\/\/catapa.be\/en\/wp-json\/wp\/v2\/users\/70"}],"replies":[{"embeddable":true,"href":"https:\/\/catapa.be\/en\/wp-json\/wp\/v2\/comments?post=35152"}],"version-history":[{"count":5,"href":"https:\/\/catapa.be\/en\/wp-json\/wp\/v2\/tribe_events\/35152\/revisions"}],"predecessor-version":[{"id":35309,"href":"https:\/\/catapa.be\/en\/wp-json\/wp\/v2\/tribe_events\/35152\/revisions\/35309"}],"wp:featuredmedia":[{"embeddable":true,"href":"https:\/\/catapa.be\/en\/wp-json\/wp\/v2\/media\/35195"}],"wp:attachment":[{"href":"https:\/\/catapa.be\/en\/wp-json\/wp\/v2\/media?parent=35152"}],"wp:term":[{"taxonomy":"post_tag","embeddable":true,"href":"https:\/\/catapa.be\/en\/wp-json\/wp\/v2\/tags?post=35152"},{"taxonomy":"tribe_events_cat","embeddable":true,"href":"https:\/\/catapa.be\/en\/wp-json\/wp\/v2\/tribe_events_cat?post=35152"}],"curies":[{"name":"wp","href":"https:\/\/api.w.org\/{rel}","templated":true}]}}