{"id":35265,"date":"2024-03-04T17:36:34","date_gmt":"2024-03-04T16:36:34","guid":{"rendered":"https:\/\/catapa.be\/event\/degrowth-versus-groen-kapitalisme-hoe-mijnbouw-in-colombia-gemeenschappen-vernietigt\/"},"modified":"2024-03-07T16:03:34","modified_gmt":"2024-03-07T15:03:34","slug":"degrowth-versus-groen-kapitalisme-hoe-mijnbouw-in-colombia-gemeenschappen-vernietigt","status":"publish","type":"tribe_events","link":"https:\/\/catapa.be\/en\/event\/degrowth-versus-groen-kapitalisme-hoe-mijnbouw-in-colombia-gemeenschappen-vernietigt\/","title":{"rendered":"Degrowth versus groen kapitalisme : hoe mijnbouw in Colombia gemeenschappen vernietigt"},"content":{"rendered":"<div class=\"xdj266r x11i5rnm xat24cr x1mh8g0r x1vvkbs\">In Falan, Colombia, the fight against mining is a daily struggle for environmental defenders. Carolina Monje en Wilder Aguilar, two Colombian activists, share the story of their community and the interest of the right to say &#8216;no&#8217; to mining. This resistance against mining projects might seem far from home, but it is one of the consequences of the current system that is build on unfettered economic growth and consumption. Elze Vermaas of think tank Oikos shares her vision on the necessity to radically change our economy.<\/p>\n<\/div>\n<div class=\"x11i5rnm xat24cr x1mh8g0r x1vvkbs xtlvy1s\">Price : \u20ac 6 | \u20ac 5 members | \u20ac 3 -25 jaar and social tariff<\/div>\n<div><\/div>\n<div class=\"x11i5rnm xat24cr x1mh8g0r x1vvkbs xtlvy1s\">subscriptions through brugge@masereelfonds.be<\/div>\n","protected":false},"excerpt":{"rendered":"<p>In Falan, Colombia, the fight against mining is a daily struggle for environmental defenders. Carolina Monje en Wilder Aguilar, two Colombian activists, share the story of their community and the interest of the right to<br \/><a class=\"read-more\" href=\"https:\/\/catapa.be\/en\/event\/degrowth-versus-groen-kapitalisme-hoe-mijnbouw-in-colombia-gemeenschappen-vernietigt\/\">Read More<\/a><\/p>\n","protected":false},"author":70,"featured_media":35195,"comment_status":"open","ping_status":"closed","template":"","meta":{"_exactmetrics_skip_tracking":false,"_exactmetrics_sitenote_active":false,"_exactmetrics_sitenote_note":"","_exactmetrics_sitenote_category":0,"jetpack_post_was_ever_published":false,"_tribe_events_status":"","_tribe_events_status_reason":"","_tribe_events_is_hybrid":"","_tribe_events_is_virtual":"","_tribe_events_virtual_video_source":"","_tribe_events_virtual_embed_video":"","_tribe_events_virtual_linked_button_text":"","_tribe_events_virtual_linked_button":"","_tribe_events_virtual_show_embed_at":"","_tribe_events_virtual_show_embed_to":[],"_tribe_events_virtual_show_on_event":"","_tribe_events_virtual_show_on_views":"","_tribe_events_virtual_url":"","footnotes":""},"tags":[],"tribe_events_cat":[1234],"class_list":["post-35265","tribe_events","type-tribe_events","status-publish","has-post-thumbnail","hentry","tribe_events_cat-right-to-say-no","cat_right-to-say-no"],"yoast_head":"<!-- This site is optimized with the Yoast SEO plugin v26.8 - https:\/\/yoast.com\/product\/yoast-seo-wordpress\/ -->\n<title>Degrowth versus groen kapitalisme : hoe mijnbouw in Colombia gemeenschappen vernietigt - CATAPA vzw<\/title>\n<meta name=\"robots\" content=\"index, follow, max-snippet:-1, max-image-preview:large, max-video-preview:-1\" \/>\n<link rel=\"canonical\" href=\"https:\/\/catapa.be\/en\/event\/degrowth-versus-groen-kapitalisme-hoe-mijnbouw-in-colombia-gemeenschappen-vernietigt\/\" \/>\n<meta property=\"og:locale\" content=\"en_US\" \/>\n<meta property=\"og:type\" content=\"article\" \/>\n<meta property=\"og:title\" content=\"Degrowth versus groen kapitalisme : hoe mijnbouw in Colombia gemeenschappen vernietigt - CATAPA vzw\" \/>\n<meta property=\"og:description\" content=\"In Falan, Colombia, the fight against mining is a daily struggle for environmental defenders. Carolina Monje en Wilder Aguilar, two Colombian activists, share the story of their community and the interest of the right toRead More\" \/>\n<meta property=\"og:url\" content=\"https:\/\/catapa.be\/en\/event\/degrowth-versus-groen-kapitalisme-hoe-mijnbouw-in-colombia-gemeenschappen-vernietigt\/\" \/>\n<meta property=\"og:site_name\" content=\"CATAPA vzw\" \/>\n<meta property=\"article:publisher\" content=\"https:\/\/www.facebook.com\/catapa.belgium\/\" \/>\n<meta property=\"article:modified_time\" content=\"2024-03-07T15:03:34+00:00\" \/>\n<meta property=\"og:image\" content=\"https:\/\/catapa.be\/wp-content\/uploads\/2024\/03\/Right-to-sayPRUEBA-e1709569154951.png\" \/>\n\t<meta property=\"og:image:width\" content=\"600\" \/>\n\t<meta property=\"og:image:height\" content=\"600\" \/>\n\t<meta property=\"og:image:type\" content=\"image\/png\" \/>\n<meta name=\"twitter:card\" content=\"summary_large_image\" \/>\n<meta name=\"twitter:site\" content=\"@CATAPA_Belgica\" \/>\n<script type=\"application\/ld+json\" class=\"yoast-schema-graph\">{\"@context\":\"https:\/\/schema.org\",\"@graph\":[{\"@type\":\"WebPage\",\"@id\":\"https:\/\/catapa.be\/en\/event\/degrowth-versus-groen-kapitalisme-hoe-mijnbouw-in-colombia-gemeenschappen-vernietigt\/\",\"url\":\"https:\/\/catapa.be\/en\/event\/degrowth-versus-groen-kapitalisme-hoe-mijnbouw-in-colombia-gemeenschappen-vernietigt\/\",\"name\":\"Degrowth versus groen kapitalisme : hoe mijnbouw in Colombia gemeenschappen vernietigt - CATAPA vzw\",\"isPartOf\":{\"@id\":\"https:\/\/catapa.be\/en\/#website\"},\"primaryImageOfPage\":{\"@id\":\"https:\/\/catapa.be\/en\/event\/degrowth-versus-groen-kapitalisme-hoe-mijnbouw-in-colombia-gemeenschappen-vernietigt\/#primaryimage\"},\"image\":{\"@id\":\"https:\/\/catapa.be\/en\/event\/degrowth-versus-groen-kapitalisme-hoe-mijnbouw-in-colombia-gemeenschappen-vernietigt\/#primaryimage\"},\"thumbnailUrl\":\"https:\/\/i0.wp.com\/catapa.be\/wp-content\/uploads\/2024\/03\/Right-to-sayPRUEBA-e1709569154951.png?fit=600%2C600&ssl=1\",\"datePublished\":\"2024-03-04T16:36:34+00:00\",\"dateModified\":\"2024-03-07T15:03:34+00:00\",\"breadcrumb\":{\"@id\":\"https:\/\/catapa.be\/en\/event\/degrowth-versus-groen-kapitalisme-hoe-mijnbouw-in-colombia-gemeenschappen-vernietigt\/#breadcrumb\"},\"inLanguage\":\"en-US\",\"potentialAction\":[{\"@type\":\"ReadAction\",\"target\":[\"https:\/\/catapa.be\/en\/event\/degrowth-versus-groen-kapitalisme-hoe-mijnbouw-in-colombia-gemeenschappen-vernietigt\/\"]}]},{\"@type\":\"ImageObject\",\"inLanguage\":\"en-US\",\"@id\":\"https:\/\/catapa.be\/en\/event\/degrowth-versus-groen-kapitalisme-hoe-mijnbouw-in-colombia-gemeenschappen-vernietigt\/#primaryimage\",\"url\":\"https:\/\/i0.wp.com\/catapa.be\/wp-content\/uploads\/2024\/03\/Right-to-sayPRUEBA-e1709569154951.png?fit=600%2C600&ssl=1\",\"contentUrl\":\"https:\/\/i0.wp.com\/catapa.be\/wp-content\/uploads\/2024\/03\/Right-to-sayPRUEBA-e1709569154951.png?fit=600%2C600&ssl=1\",\"width\":600,\"height\":600},{\"@type\":\"BreadcrumbList\",\"@id\":\"https:\/\/catapa.be\/en\/event\/degrowth-versus-groen-kapitalisme-hoe-mijnbouw-in-colombia-gemeenschappen-vernietigt\/#breadcrumb\",\"itemListElement\":[{\"@type\":\"ListItem\",\"position\":1,\"name\":\"Home\",\"item\":\"https:\/\/catapa.be\/en\/\"},{\"@type\":\"ListItem\",\"position\":2,\"name\":\"Events\",\"item\":\"https:\/\/catapa.be\/en\/events\/\"},{\"@type\":\"ListItem\",\"position\":3,\"name\":\"Degrowth versus groen kapitalisme : hoe mijnbouw in Colombia gemeenschappen vernietigt\"}]},{\"@type\":\"WebSite\",\"@id\":\"https:\/\/catapa.be\/en\/#website\",\"url\":\"https:\/\/catapa.be\/en\/\",\"name\":\"CATAPA vzw\",\"description\":\"Comit\u00e9 Acad\u00e9mico T\u00e9cnico de Asesoramiento a Problemas Ambientales\",\"publisher\":{\"@id\":\"https:\/\/catapa.be\/en\/#organization\"},\"potentialAction\":[{\"@type\":\"SearchAction\",\"target\":{\"@type\":\"EntryPoint\",\"urlTemplate\":\"https:\/\/catapa.be\/en\/?s={search_term_string}\"},\"query-input\":{\"@type\":\"PropertyValueSpecification\",\"valueRequired\":true,\"valueName\":\"search_term_string\"}}],\"inLanguage\":\"en-US\"},{\"@type\":\"Organization\",\"@id\":\"https:\/\/catapa.be\/en\/#organization\",\"name\":\"CATAPA vzw\",\"url\":\"https:\/\/catapa.be\/en\/\",\"logo\":{\"@type\":\"ImageObject\",\"inLanguage\":\"en-US\",\"@id\":\"https:\/\/catapa.be\/en\/#\/schema\/logo\/image\/\",\"url\":\"https:\/\/i0.wp.com\/catapa.be\/wp-content\/uploads\/2019\/02\/NEW20LOGO20SHORT20PNG1.png?fit=1259%2C1321&ssl=1\",\"contentUrl\":\"https:\/\/i0.wp.com\/catapa.be\/wp-content\/uploads\/2019\/02\/NEW20LOGO20SHORT20PNG1.png?fit=1259%2C1321&ssl=1\",\"width\":1259,\"height\":1321,\"caption\":\"CATAPA vzw\"},\"image\":{\"@id\":\"https:\/\/catapa.be\/en\/#\/schema\/logo\/image\/\"},\"sameAs\":[\"https:\/\/www.facebook.com\/catapa.belgium\/\",\"https:\/\/x.com\/CATAPA_Belgica\",\"https:\/\/www.instagram.com\/catapa_vzw\/\",\"https:\/\/be.linkedin.com\/company\/catapavzw\",\"https:\/\/www.youtube.com\/channel\/UCE52-Fiyv-Fpqf2gi1qhf1g\"]}]}<\/script>\n<!-- \/ Yoast SEO plugin. -->","yoast_head_json":{"title":"Degrowth versus groen kapitalisme : hoe mijnbouw in Colombia gemeenschappen vernietigt - CATAPA vzw","robots":{"index":"index","follow":"follow","max-snippet":"max-snippet:-1","max-image-preview":"max-image-preview:large","max-video-preview":"max-video-preview:-1"},"canonical":"https:\/\/catapa.be\/en\/event\/degrowth-versus-groen-kapitalisme-hoe-mijnbouw-in-colombia-gemeenschappen-vernietigt\/","og_locale":"en_US","og_type":"article","og_title":"Degrowth versus groen kapitalisme : hoe mijnbouw in Colombia gemeenschappen vernietigt - CATAPA vzw","og_description":"In Falan, Colombia, the fight against mining is a daily struggle for environmental defenders. Carolina Monje en Wilder Aguilar, two Colombian activists, share the story of their community and the interest of the right toRead More","og_url":"https:\/\/catapa.be\/en\/event\/degrowth-versus-groen-kapitalisme-hoe-mijnbouw-in-colombia-gemeenschappen-vernietigt\/","og_site_name":"CATAPA vzw","article_publisher":"https:\/\/www.facebook.com\/catapa.belgium\/","article_modified_time":"2024-03-07T15:03:34+00:00","og_image":[{"width":600,"height":600,"url":"https:\/\/catapa.be\/wp-content\/uploads\/2024\/03\/Right-to-sayPRUEBA-e1709569154951.png","type":"image\/png"}],"twitter_card":"summary_large_image","twitter_site":"@CATAPA_Belgica","schema":{"@context":"https:\/\/schema.org","@graph":[{"@type":"WebPage","@id":"https:\/\/catapa.be\/en\/event\/degrowth-versus-groen-kapitalisme-hoe-mijnbouw-in-colombia-gemeenschappen-vernietigt\/","url":"https:\/\/catapa.be\/en\/event\/degrowth-versus-groen-kapitalisme-hoe-mijnbouw-in-colombia-gemeenschappen-vernietigt\/","name":"Degrowth versus groen kapitalisme : hoe mijnbouw in Colombia gemeenschappen vernietigt - CATAPA vzw","isPartOf":{"@id":"https:\/\/catapa.be\/en\/#website"},"primaryImageOfPage":{"@id":"https:\/\/catapa.be\/en\/event\/degrowth-versus-groen-kapitalisme-hoe-mijnbouw-in-colombia-gemeenschappen-vernietigt\/#primaryimage"},"image":{"@id":"https:\/\/catapa.be\/en\/event\/degrowth-versus-groen-kapitalisme-hoe-mijnbouw-in-colombia-gemeenschappen-vernietigt\/#primaryimage"},"thumbnailUrl":"https:\/\/i0.wp.com\/catapa.be\/wp-content\/uploads\/2024\/03\/Right-to-sayPRUEBA-e1709569154951.png?fit=600%2C600&ssl=1","datePublished":"2024-03-04T16:36:34+00:00","dateModified":"2024-03-07T15:03:34+00:00","breadcrumb":{"@id":"https:\/\/catapa.be\/en\/event\/degrowth-versus-groen-kapitalisme-hoe-mijnbouw-in-colombia-gemeenschappen-vernietigt\/#breadcrumb"},"inLanguage":"en-US","potentialAction":[{"@type":"ReadAction","target":["https:\/\/catapa.be\/en\/event\/degrowth-versus-groen-kapitalisme-hoe-mijnbouw-in-colombia-gemeenschappen-vernietigt\/"]}]},{"@type":"ImageObject","inLanguage":"en-US","@id":"https:\/\/catapa.be\/en\/event\/degrowth-versus-groen-kapitalisme-hoe-mijnbouw-in-colombia-gemeenschappen-vernietigt\/#primaryimage","url":"https:\/\/i0.wp.com\/catapa.be\/wp-content\/uploads\/2024\/03\/Right-to-sayPRUEBA-e1709569154951.png?fit=600%2C600&ssl=1","contentUrl":"https:\/\/i0.wp.com\/catapa.be\/wp-content\/uploads\/2024\/03\/Right-to-sayPRUEBA-e1709569154951.png?fit=600%2C600&ssl=1","width":600,"height":600},{"@type":"BreadcrumbList","@id":"https:\/\/catapa.be\/en\/event\/degrowth-versus-groen-kapitalisme-hoe-mijnbouw-in-colombia-gemeenschappen-vernietigt\/#breadcrumb","itemListElement":[{"@type":"ListItem","position":1,"name":"Home","item":"https:\/\/catapa.be\/en\/"},{"@type":"ListItem","position":2,"name":"Events","item":"https:\/\/catapa.be\/en\/events\/"},{"@type":"ListItem","position":3,"name":"Degrowth versus groen kapitalisme : hoe mijnbouw in Colombia gemeenschappen vernietigt"}]},{"@type":"WebSite","@id":"https:\/\/catapa.be\/en\/#website","url":"https:\/\/catapa.be\/en\/","name":"CATAPA vzw","description":"Comit\u00e9 Acad\u00e9mico T\u00e9cnico de Asesoramiento a Problemas Ambientales","publisher":{"@id":"https:\/\/catapa.be\/en\/#organization"},"potentialAction":[{"@type":"SearchAction","target":{"@type":"EntryPoint","urlTemplate":"https:\/\/catapa.be\/en\/?s={search_term_string}"},"query-input":{"@type":"PropertyValueSpecification","valueRequired":true,"valueName":"search_term_string"}}],"inLanguage":"en-US"},{"@type":"Organization","@id":"https:\/\/catapa.be\/en\/#organization","name":"CATAPA vzw","url":"https:\/\/catapa.be\/en\/","logo":{"@type":"ImageObject","inLanguage":"en-US","@id":"https:\/\/catapa.be\/en\/#\/schema\/logo\/image\/","url":"https:\/\/i0.wp.com\/catapa.be\/wp-content\/uploads\/2019\/02\/NEW20LOGO20SHORT20PNG1.png?fit=1259%2C1321&ssl=1","contentUrl":"https:\/\/i0.wp.com\/catapa.be\/wp-content\/uploads\/2019\/02\/NEW20LOGO20SHORT20PNG1.png?fit=1259%2C1321&ssl=1","width":1259,"height":1321,"caption":"CATAPA vzw"},"image":{"@id":"https:\/\/catapa.be\/en\/#\/schema\/logo\/image\/"},"sameAs":["https:\/\/www.facebook.com\/catapa.belgium\/","https:\/\/x.com\/CATAPA_Belgica","https:\/\/www.instagram.com\/catapa_vzw\/","https:\/\/be.linkedin.com\/company\/catapavzw","https:\/\/www.youtube.com\/channel\/UCE52-Fiyv-Fpqf2gi1qhf1g"]}]}},"jetpack_sharing_enabled":true,"jetpack_likes_enabled":true,"_links":{"self":[{"href":"https:\/\/catapa.be\/en\/wp-json\/wp\/v2\/tribe_events\/35265","targetHints":{"allow":["GET"]}}],"collection":[{"href":"https:\/\/catapa.be\/en\/wp-json\/wp\/v2\/tribe_events"}],"about":[{"href":"https:\/\/catapa.be\/en\/wp-json\/wp\/v2\/types\/tribe_events"}],"author":[{"embeddable":true,"href":"https:\/\/catapa.be\/en\/wp-json\/wp\/v2\/users\/70"}],"replies":[{"embeddable":true,"href":"https:\/\/catapa.be\/en\/wp-json\/wp\/v2\/comments?post=35265"}],"version-history":[{"count":1,"href":"https:\/\/catapa.be\/en\/wp-json\/wp\/v2\/tribe_events\/35265\/revisions"}],"predecessor-version":[{"id":35266,"href":"https:\/\/catapa.be\/en\/wp-json\/wp\/v2\/tribe_events\/35265\/revisions\/35266"}],"wp:featuredmedia":[{"embeddable":true,"href":"https:\/\/catapa.be\/en\/wp-json\/wp\/v2\/media\/35195"}],"wp:attachment":[{"href":"https:\/\/catapa.be\/en\/wp-json\/wp\/v2\/media?parent=35265"}],"wp:term":[{"taxonomy":"post_tag","embeddable":true,"href":"https:\/\/catapa.be\/en\/wp-json\/wp\/v2\/tags?post=35265"},{"taxonomy":"tribe_events_cat","embeddable":true,"href":"https:\/\/catapa.be\/en\/wp-json\/wp\/v2\/tribe_events_cat?post=35265"}],"curies":[{"name":"wp","href":"https:\/\/api.w.org\/{rel}","templated":true}]}}