{"id":20579,"date":"2021-03-30T16:06:29","date_gmt":"2021-03-30T14:06:29","guid":{"rendered":"https:\/\/catapa.be\/actua-ahora\/hazte-miembro\/"},"modified":"2021-12-14T10:31:52","modified_gmt":"2021-12-14T09:31:52","slug":"hazte-miembro","status":"publish","type":"page","link":"https:\/\/catapa.be\/es\/actua-ahora\/hazte-miembro\/","title":{"rendered":"\u00a1Hazte miembro!"},"content":{"rendered":"<div class=\"wpb-content-wrapper\"><p>[vc_row][vc_column][vc_column_text]<\/p>\n<h2><strong>La Asamblea General de CATAPA<\/strong><\/h2>\n<p>La Asamblea General (AG) es el m\u00e1ximo \u00f3rgano de toma de decisiones de una organizaci\u00f3n sin fines de lucro. La AG est\u00e1 formada por quienes tengan membres\u00eda dentro de CATAPA. La membres\u00eda implica un derecho de voto igual dentro de la AG. Cada nueva membres\u00eda debe ser aprobada por la Asamblea General al comienzo de la pr\u00f3xima reuni\u00f3n.<\/p>\n<p>La AG decide sobre cambios en los estatutos, el nombramiento y la renuncia del consejo, la aprobaci\u00f3n de las cuentas y el presupuesto, &#8230; Esto puede parecer muy administrativo, pero \u00a1es una forma concreta de conocer la organizaci\u00f3n y expresar tu opini\u00f3n sobre la direcci\u00f3n que tomamos!<\/p>\n<p>La AG se re\u00fane al menos una vez al a\u00f1o, generalmente en abril o mayo (virtualmente durante tiempos de pandemia). Excepcionalmente, se puede convocar una Asamblea General Extraordinaria. Quienes tengan membres\u00eda reciben una invitaci\u00f3n personal, y reciben de antemano la agenda y la documentaci\u00f3n adjunta como el informe anual y el presupuesto.[\/vc_column_text][vc_tta_tabs active_section=&#8221;1&#8243;][vc_tta_section title=&#8221;\u00bfC\u00f3mo obtengo la membres\u00eda?&#8221; tab_id=&#8221;how-to-become-a-member&#8221;][vc_column_text]\u00a1CATAPA siempre busca expandir la membres\u00eda!<\/p>\n<p>Para obtener la membres\u00eda se espera que:<\/p>\n<ul>\n<li>respaldes la <a href=\"https:\/\/catapa.be\/es\/sobre-nosotros\/vision-y-mision\/\">visi\u00f3n y misi\u00f3n de CATAPA<\/a><\/li>\n<li>pagues una cuota de membres\u00eda anual de 20 \u20ac<\/li>\n<li>asistes o tendr\u00e1s representaci\u00f3n en las Asambleas Generales anuales y extraordinarias<\/li>\n<li>ejerces el derecho de voto en la AG<\/li>\n<\/ul>\n<p><a href=\"https:\/\/docs.google.com\/forms\/d\/e\/1FAIpQLSeoIhKWaUxvbbmHuRR_zbw0B_3YqRSoGHSFQxx_Wq6g1_GiRw\/viewform?vc=0&amp;c=0&amp;w=1&amp;flr=0\">En este formulario<\/a> puedes registrar tu membres\u00eda. Puede transferir la membres\u00eda de 20 \u20ac al BE49 9795 2861 7871 a nombre de CATAPA, con el mensaje \u201cMembres\u00eda AG [a\u00f1o]\u201d.<\/p>\n<p>Cada nueva membres\u00eda se aprobar\u00e1 al comienzo de la pr\u00f3xima AG.<\/p>\n<p><a href=\"https:\/\/catapa.be\/?p=27175#rights-and-obligations-members\"><u>Ac\u00e1 encontrar\u00e1s m\u00e1s informaci\u00f3n<\/u><\/a> sobre los derechos y obligaciones, y los procedimientos asociados con la membres\u00eda de la AG.[\/vc_column_text][\/vc_tta_section][vc_tta_section title=&#8221;Derechos y obligaciones&#8221; tab_id=&#8221;rights-and-obligations-members&#8221;][vc_column_text]La Asamblea General (AG) es el m\u00e1ximo \u00f3rgano de toma de decisiones de una organizaci\u00f3n sin fines de lucro.<\/p>\n<p>La AG est\u00e1 formada por quienes tengan membres\u00eda dentro de CATAPA. La membres\u00eda implica un derecho de voto igual dentro de la AG.<\/p>\n<p>La membres\u00eda implica suscribir la misi\u00f3n y visi\u00f3n de CATAPA y el pago de una membres\u00eda anual de 20 euros.<\/p>\n<p>El consejo directivo nomina quienes soliciten la membres\u00eda ante la AG, que debe aprobar su entrada.<\/p>\n<p>En cualquier momento se puede renunciar de su membres\u00eda enviando una carta formal (por correo electr\u00f3nico) a quien preside el consejo. La renuncia entrar\u00e1 en vigor un mes despu\u00e9s de este escrito.<\/p>\n<p>La membres\u00eda puede ser cancelada al actuar en contra de los objetivos de la organizaci\u00f3n seg\u00fan lo formulado en la misi\u00f3n y visi\u00f3n.<\/p>\n<p>La AG decide sobre:<\/p>\n<ul>\n<li>la modificaci\u00f3n de los estatutos<\/li>\n<li>el nombramiento y renuncio del consejo<\/li>\n<li>la concesi\u00f3n de descargo al consejo<\/li>\n<li>la aprobaci\u00f3n del presupuesto y las cuentas<\/li>\n<li>la disoluci\u00f3n de la asociaci\u00f3n<\/li>\n<li>la aprobaci\u00f3n o negaci\u00f3n de membres\u00eda<\/li>\n<li>la conversi\u00f3n de la asociaci\u00f3n en una empresa con finalidad social<\/li>\n<\/ul>\n<p>La AG se re\u00fane al menos una vez al a\u00f1o, generalmente en abril o mayo (virtualmente durante tiempos de pandemia). Excepcionalmente, se puede convocar una Asamblea General Extraordinaria.<\/p>\n<p>Quienes tengan membres\u00eda reciben una invitaci\u00f3n personal, y reciben de antemano la agenda y la documentaci\u00f3n adjunta como el informe anual y el presupuesto.<\/p>\n<p>Al menos la mitad de quienes tengan membres\u00eda deben estar presentes o tener representaci\u00f3n para que la AG pueda deliberar v\u00e1lidamente. Las decisiones se toman por mayor\u00eda simple de los votos de quienes est\u00e9n presentes o tengan representaci\u00f3n.<\/p>\n<p>En caso de no poder asistir a la AG, se puede otorgar representaci\u00f3n a otra persona con membres\u00eda mediante un poder firmado, el cual deber\u00e1 presentarse previamente a quien preside la organizaci\u00f3n. Se puede asumir hasta 2 poderes.<\/p>\n<p>Si lo desea, puede consultar <a href=\"https:\/\/www.staatsbladmonitor.be\/bedrijfsfiche.html?ondernemingsnummer=0895316433\">los estatutos completos aqu\u00ed<\/a> (en neerland\u00e9s).[\/vc_column_text][\/vc_tta_section][\/vc_tta_tabs][vc_column_text]Si tienes preguntas sobre las responsabilidades de la AG, o c\u00f3mo obtener la membres\u00eda, y si enfrentas barreras econ\u00f3micas para acceder la membres\u00eda, escr\u00edbanos: <u>fien.vandenbussche [at] catapa.be<\/u><\/p>\n<p>\u00a1Hasta pronto en nuestra pr\u00f3xima Asamblea General![\/vc_column_text][\/vc_column][\/vc_row]<\/p>\n<\/div>","protected":false},"excerpt":{"rendered":"<p>[vc_row][vc_column][vc_column_text] La Asamblea General de CATAPA La Asamblea General (AG) es el m\u00e1ximo \u00f3rgano de toma de decisiones de una organizaci\u00f3n sin fines de lucro. La AG est\u00e1 formada por quienes tengan membres\u00eda dentro de<br \/><a class=\"read-more\" href=\"https:\/\/catapa.be\/es\/actua-ahora\/hazte-miembro\/\">Read More<\/a><\/p>\n","protected":false},"author":10,"featured_media":0,"parent":2962,"menu_order":0,"comment_status":"closed","ping_status":"closed","template":"","meta":{"_exactmetrics_skip_tracking":false,"_exactmetrics_sitenote_active":false,"_exactmetrics_sitenote_note":"","_exactmetrics_sitenote_category":0,"jetpack_post_was_ever_published":false,"footnotes":""},"class_list":["post-20579","page","type-page","status-publish","hentry"],"yoast_head":"<!-- This site is optimized with the Yoast SEO plugin v26.8 - https:\/\/yoast.com\/product\/yoast-seo-wordpress\/ -->\n<title>\u00a1Hazte miembro! - CATAPA vzw<\/title>\n<meta name=\"robots\" content=\"index, follow, max-snippet:-1, max-image-preview:large, max-video-preview:-1\" \/>\n<link rel=\"canonical\" href=\"https:\/\/catapa.be\/es\/actua-ahora\/hazte-miembro\/\" \/>\n<meta property=\"og:locale\" content=\"es_ES\" \/>\n<meta property=\"og:type\" content=\"article\" \/>\n<meta property=\"og:title\" content=\"\u00a1Hazte miembro! - CATAPA vzw\" \/>\n<meta property=\"og:description\" content=\"[vc_row][vc_column][vc_column_text] La Asamblea General de CATAPA La Asamblea General (AG) es el m\u00e1ximo \u00f3rgano de toma de decisiones de una organizaci\u00f3n sin fines de lucro. La AG est\u00e1 formada por quienes tengan membres\u00eda dentro deRead More\" \/>\n<meta property=\"og:url\" content=\"https:\/\/catapa.be\/es\/actua-ahora\/hazte-miembro\/\" \/>\n<meta property=\"og:site_name\" content=\"CATAPA vzw\" \/>\n<meta property=\"article:publisher\" content=\"https:\/\/www.facebook.com\/catapa.belgium\/\" \/>\n<meta property=\"article:modified_time\" content=\"2021-12-14T09:31:52+00:00\" \/>\n<meta name=\"twitter:card\" content=\"summary_large_image\" \/>\n<meta name=\"twitter:site\" content=\"@CATAPA_Belgica\" \/>\n<meta name=\"twitter:label1\" content=\"Tiempo de lectura\" \/>\n\t<meta name=\"twitter:data1\" content=\"4 minutes\" \/>\n<script type=\"application\/ld+json\" class=\"yoast-schema-graph\">{\"@context\":\"https:\/\/schema.org\",\"@graph\":[{\"@type\":\"WebPage\",\"@id\":\"https:\/\/catapa.be\/es\/actua-ahora\/hazte-miembro\/\",\"url\":\"https:\/\/catapa.be\/es\/actua-ahora\/hazte-miembro\/\",\"name\":\"\u00a1Hazte miembro! - CATAPA vzw\",\"isPartOf\":{\"@id\":\"https:\/\/catapa.be\/es\/#website\"},\"datePublished\":\"2021-03-30T14:06:29+00:00\",\"dateModified\":\"2021-12-14T09:31:52+00:00\",\"breadcrumb\":{\"@id\":\"https:\/\/catapa.be\/es\/actua-ahora\/hazte-miembro\/#breadcrumb\"},\"inLanguage\":\"es-ES\",\"potentialAction\":[{\"@type\":\"ReadAction\",\"target\":[\"https:\/\/catapa.be\/es\/actua-ahora\/hazte-miembro\/\"]}]},{\"@type\":\"BreadcrumbList\",\"@id\":\"https:\/\/catapa.be\/es\/actua-ahora\/hazte-miembro\/#breadcrumb\",\"itemListElement\":[{\"@type\":\"ListItem\",\"position\":1,\"name\":\"Home\",\"item\":\"https:\/\/catapa.be\/es\/\"},{\"@type\":\"ListItem\",\"position\":2,\"name\":\"Act\u00faa ahora\",\"item\":\"https:\/\/catapa.be\/es\/actua-ahora\/\"},{\"@type\":\"ListItem\",\"position\":3,\"name\":\"\u00a1Hazte miembro!\"}]},{\"@type\":\"WebSite\",\"@id\":\"https:\/\/catapa.be\/es\/#website\",\"url\":\"https:\/\/catapa.be\/es\/\",\"name\":\"CATAPA vzw\",\"description\":\"Comit\u00e9 Acad\u00e9mico T\u00e9cnico de Asesoramiento a Problemas Ambientales\",\"publisher\":{\"@id\":\"https:\/\/catapa.be\/es\/#organization\"},\"potentialAction\":[{\"@type\":\"SearchAction\",\"target\":{\"@type\":\"EntryPoint\",\"urlTemplate\":\"https:\/\/catapa.be\/es\/?s={search_term_string}\"},\"query-input\":{\"@type\":\"PropertyValueSpecification\",\"valueRequired\":true,\"valueName\":\"search_term_string\"}}],\"inLanguage\":\"es-ES\"},{\"@type\":\"Organization\",\"@id\":\"https:\/\/catapa.be\/es\/#organization\",\"name\":\"CATAPA vzw\",\"url\":\"https:\/\/catapa.be\/es\/\",\"logo\":{\"@type\":\"ImageObject\",\"inLanguage\":\"es-ES\",\"@id\":\"https:\/\/catapa.be\/es\/#\/schema\/logo\/image\/\",\"url\":\"https:\/\/i0.wp.com\/catapa.be\/wp-content\/uploads\/2019\/02\/NEW20LOGO20SHORT20PNG1.png?fit=1259%2C1321&ssl=1\",\"contentUrl\":\"https:\/\/i0.wp.com\/catapa.be\/wp-content\/uploads\/2019\/02\/NEW20LOGO20SHORT20PNG1.png?fit=1259%2C1321&ssl=1\",\"width\":1259,\"height\":1321,\"caption\":\"CATAPA vzw\"},\"image\":{\"@id\":\"https:\/\/catapa.be\/es\/#\/schema\/logo\/image\/\"},\"sameAs\":[\"https:\/\/www.facebook.com\/catapa.belgium\/\",\"https:\/\/x.com\/CATAPA_Belgica\",\"https:\/\/www.instagram.com\/catapa_vzw\/\",\"https:\/\/be.linkedin.com\/company\/catapavzw\",\"https:\/\/www.youtube.com\/channel\/UCE52-Fiyv-Fpqf2gi1qhf1g\"]}]}<\/script>\n<!-- \/ Yoast SEO plugin. -->","yoast_head_json":{"title":"\u00a1Hazte miembro! - CATAPA vzw","robots":{"index":"index","follow":"follow","max-snippet":"max-snippet:-1","max-image-preview":"max-image-preview:large","max-video-preview":"max-video-preview:-1"},"canonical":"https:\/\/catapa.be\/es\/actua-ahora\/hazte-miembro\/","og_locale":"es_ES","og_type":"article","og_title":"\u00a1Hazte miembro! - CATAPA vzw","og_description":"[vc_row][vc_column][vc_column_text] La Asamblea General de CATAPA La Asamblea General (AG) es el m\u00e1ximo \u00f3rgano de toma de decisiones de una organizaci\u00f3n sin fines de lucro. La AG est\u00e1 formada por quienes tengan membres\u00eda dentro deRead More","og_url":"https:\/\/catapa.be\/es\/actua-ahora\/hazte-miembro\/","og_site_name":"CATAPA vzw","article_publisher":"https:\/\/www.facebook.com\/catapa.belgium\/","article_modified_time":"2021-12-14T09:31:52+00:00","twitter_card":"summary_large_image","twitter_site":"@CATAPA_Belgica","twitter_misc":{"Tiempo de lectura":"4 minutes"},"schema":{"@context":"https:\/\/schema.org","@graph":[{"@type":"WebPage","@id":"https:\/\/catapa.be\/es\/actua-ahora\/hazte-miembro\/","url":"https:\/\/catapa.be\/es\/actua-ahora\/hazte-miembro\/","name":"\u00a1Hazte miembro! - CATAPA vzw","isPartOf":{"@id":"https:\/\/catapa.be\/es\/#website"},"datePublished":"2021-03-30T14:06:29+00:00","dateModified":"2021-12-14T09:31:52+00:00","breadcrumb":{"@id":"https:\/\/catapa.be\/es\/actua-ahora\/hazte-miembro\/#breadcrumb"},"inLanguage":"es-ES","potentialAction":[{"@type":"ReadAction","target":["https:\/\/catapa.be\/es\/actua-ahora\/hazte-miembro\/"]}]},{"@type":"BreadcrumbList","@id":"https:\/\/catapa.be\/es\/actua-ahora\/hazte-miembro\/#breadcrumb","itemListElement":[{"@type":"ListItem","position":1,"name":"Home","item":"https:\/\/catapa.be\/es\/"},{"@type":"ListItem","position":2,"name":"Act\u00faa ahora","item":"https:\/\/catapa.be\/es\/actua-ahora\/"},{"@type":"ListItem","position":3,"name":"\u00a1Hazte miembro!"}]},{"@type":"WebSite","@id":"https:\/\/catapa.be\/es\/#website","url":"https:\/\/catapa.be\/es\/","name":"CATAPA vzw","description":"Comit\u00e9 Acad\u00e9mico T\u00e9cnico de Asesoramiento a Problemas Ambientales","publisher":{"@id":"https:\/\/catapa.be\/es\/#organization"},"potentialAction":[{"@type":"SearchAction","target":{"@type":"EntryPoint","urlTemplate":"https:\/\/catapa.be\/es\/?s={search_term_string}"},"query-input":{"@type":"PropertyValueSpecification","valueRequired":true,"valueName":"search_term_string"}}],"inLanguage":"es-ES"},{"@type":"Organization","@id":"https:\/\/catapa.be\/es\/#organization","name":"CATAPA vzw","url":"https:\/\/catapa.be\/es\/","logo":{"@type":"ImageObject","inLanguage":"es-ES","@id":"https:\/\/catapa.be\/es\/#\/schema\/logo\/image\/","url":"https:\/\/i0.wp.com\/catapa.be\/wp-content\/uploads\/2019\/02\/NEW20LOGO20SHORT20PNG1.png?fit=1259%2C1321&ssl=1","contentUrl":"https:\/\/i0.wp.com\/catapa.be\/wp-content\/uploads\/2019\/02\/NEW20LOGO20SHORT20PNG1.png?fit=1259%2C1321&ssl=1","width":1259,"height":1321,"caption":"CATAPA vzw"},"image":{"@id":"https:\/\/catapa.be\/es\/#\/schema\/logo\/image\/"},"sameAs":["https:\/\/www.facebook.com\/catapa.belgium\/","https:\/\/x.com\/CATAPA_Belgica","https:\/\/www.instagram.com\/catapa_vzw\/","https:\/\/be.linkedin.com\/company\/catapavzw","https:\/\/www.youtube.com\/channel\/UCE52-Fiyv-Fpqf2gi1qhf1g"]}]}},"jetpack_sharing_enabled":true,"jetpack_likes_enabled":true,"jetpack-related-posts":[{"id":8371,"url":"https:\/\/catapa.be\/es\/labor\/grupos-de-trabajo-2\/","url_meta":{"origin":20579,"position":0},"title":"Grupos de trabajo","author":"admin","date":"04\/12\/2018","format":false,"excerpt":"[vc_row css=\".vc_custom_1533807373745{margin-top: -50px !important;margin-bottom: 50px !important;}\"][vc_column][vc_cta h2=\"El trabajo de CATAPA...\" h4=\"... se divide en ``grupos de trabajo del sur``, que se refiere al trabajo que realizamos directamente con nuestras organizaciones asociadas en Latino Am\u00e9rica; y ``grupos de trabajo del norte``, que incluye todo lo que se realiza desde B\u00e9lgica, donde\u2026","rel":"","context":"Entrada similar","block_context":{"text":"Entrada similar","link":""},"img":{"alt_text":"","src":"","width":0,"height":0},"classes":[]},{"id":9795,"url":"https:\/\/catapa.be\/es\/rgpd-declaracion-de-privacidad-cookies-info\/","url_meta":{"origin":20579,"position":1},"title":"RGPD &#8211; Declaraci\u00f3n de privacidad &#8211; Cookies Info","author":"H\u00e9ctor Cabezudo","date":"19\/02\/2019","format":false,"excerpt":"[vc_row][vc_column][vc_column_text] RGPD - Declaraci\u00f3n de privacidad [\/vc_column_text][vc_column_text]CATAPA vzw otorga gran importancia a la protecci\u00f3n de sus datos personales (y respeta su privacidad). En esta declaraci\u00f3n de privacidad proporcionaremos informaci\u00f3n clara y transparente sobre c\u00f3mo manejamos los datos personales. Hacemos todos los esfuerzos posibles para garantizar su privacidad y, por lo\u2026","rel":"","context":"Entrada similar","block_context":{"text":"Entrada similar","link":""},"img":{"alt_text":"","src":"","width":0,"height":0},"classes":[]},{"id":3048,"url":"https:\/\/catapa.be\/es\/labor\/grupos-de-trabajo\/","url_meta":{"origin":20579,"position":2},"title":"Grupos de trabajo","author":"Alienor de Sas","date":"20\/05\/2018","format":false,"excerpt":"[vc_row css=\".vc_custom_1533807373745{margin-top: -50px !important;margin-bottom: 50px !important;}\"][vc_column][vc_cta 0=\"h4=``...se\" 1=\"divide\" 2=\"en\" 3=\"``grupos\" 4=\"de\" 5=\"trabajo\" 6=\"del\" 7=\"Sur``,\" 8=\"que\" 9=\"alberga\" 10=\"nuestro\" 11=\"trabajo\" 12=\"directo\" 13=\"con\" 14=\"las\" 15=\"organizaciones\" 16=\"asociadas\" 17=\"en\" 18=\"Am\u00e9rica\" 19=\"Latina;\" 20=\"y\" 21=\"``grupos\" 22=\"de\" 23=\"trabajo\" 24=\"del\" 25=\"Norte``,\" 26=\"que\" 27=\"incluye\" 28=\"todas\" 29=\"las\" 30=\"actividades\" 31=\"que\" 32=\"se\" 33=\"llevan\" 34=\"a\" 35=\"cabo\" 36=\"desde\" 37=\"B\u00e9lgica,\" 38=\"donde\" 39=\"se\" 40=\"encuentra\" 41=\"la\" 42=\"sede\" 43=\"de\"\u2026","rel":"","context":"Entrada similar","block_context":{"text":"Entrada similar","link":""},"img":{"alt_text":"","src":"","width":0,"height":0},"classes":[]},{"id":2966,"url":"https:\/\/catapa.be\/es\/actua-ahora\/hazte-voluntario-a\/","url_meta":{"origin":20579,"position":3},"title":"Hazte voluntario\/a","author":"Alienor de Sas","date":"20\/05\/2018","format":false,"excerpt":"[vc_row equal_height=\"yes\"][vc_column css_animation=\"none\"][vc_cta h2=\"Siendo voluntario\/a...\" h4=\"...puedes ser parte de CATAPA de una forma significativa y concreta. Te animamos a buscar y encontrar algo que tenga que ver con tus intereses personales y capacidades, y, as\u00ed, podr\u00e1s formar parte de ese cambio que el medio ambiente y las personas necesitan.\" style=\"custom\"\u2026","rel":"","context":"Entrada similar","block_context":{"text":"Entrada similar","link":""},"img":{"alt_text":"","src":"","width":0,"height":0},"classes":[]},{"id":2952,"url":"https:\/\/catapa.be\/es\/sobre-nosotros\/nuestra-historia\/","url_meta":{"origin":20579,"position":4},"title":"Nuestra historia","author":"Alienor de Sas","date":"20\/05\/2018","format":false,"excerpt":"[vc_row full_width=\"stretch_row\" content_placement=\"middle\"][vc_column][vc_cta h2=\"Desde BelBol hasta...\" h4=\"...un movimiento horizontal con organizaciones asociadas en Per\u00fa, Colombia, Ecuador y Bolivia; y con muchos proyectos en marcha en Flandes, Europa y en Am\u00e9rica Latina.\" style=\"custom\" custom_background=\"#01a053\" custom_text=\"#ffffff\"][\/vc_cta][\/vc_column][\/vc_row][vc_row full_width=\"stretch_row\" equal_height=\"yes\" css=\".vc_custom_1535455217709{background-color: #f7f7f7 !important;}\" el_id=\"table-of-contents\"][vc_column css_animation=\"none\" width=\"1\/2\"][vc_column_text css=\".vc_custom_1653737512501{padding-left: 50px !important;}\"] \u00cdndice 2003-2007: desde BelBol hasta\u2026","rel":"","context":"Entrada similar","block_context":{"text":"Entrada similar","link":""},"img":{"alt_text":"","src":"https:\/\/i0.wp.com\/catapa.be\/wp-content\/uploads\/2019\/01\/mining-in-paradise-300x300.png?resize=350%2C200&ssl=1","width":350,"height":200},"classes":[]},{"id":2955,"url":"https:\/\/catapa.be\/es\/sobre-nosotros\/vision-y-mision\/","url_meta":{"origin":20579,"position":5},"title":"Visi\u00f3n y Misi\u00f3n","author":"Alienor de Sas","date":"20\/05\/2018","format":false,"excerpt":"[vc_row css=\".vc_custom_1533807373745{margin-top: -50px !important;margin-bottom: 50px !important;}\"][vc_column][vc_cta h2=\"CATAPA aspira...\" h4=\"\u2026 a un mundo en el que la extracci\u00f3n de materias primas no renovables ya no sea necesaria, apostando por una transici\u00f3n hacia un modelo que desmina, decrece, y mueve.\" style=\"custom\" css_animation=\"none\" custom_background=\"#01a053\" custom_text=\"#ffffff\"][\/vc_cta][\/vc_column][\/vc_row][vc_row full_width=\"stretch_row\" content_placement=\"middle\" css=\".vc_custom_1533808586582{margin-top: -100px !important;background-color: #f7f7f7 !important;}\"][vc_column][vc_custom_heading text=\"CATAPA\u2026","rel":"","context":"Entrada similar","block_context":{"text":"Entrada similar","link":""},"img":{"alt_text":"","src":"","width":0,"height":0},"classes":[]}],"_links":{"self":[{"href":"https:\/\/catapa.be\/es\/wp-json\/wp\/v2\/pages\/20579","targetHints":{"allow":["GET"]}}],"collection":[{"href":"https:\/\/catapa.be\/es\/wp-json\/wp\/v2\/pages"}],"about":[{"href":"https:\/\/catapa.be\/es\/wp-json\/wp\/v2\/types\/page"}],"author":[{"embeddable":true,"href":"https:\/\/catapa.be\/es\/wp-json\/wp\/v2\/users\/10"}],"replies":[{"embeddable":true,"href":"https:\/\/catapa.be\/es\/wp-json\/wp\/v2\/comments?post=20579"}],"version-history":[{"count":3,"href":"https:\/\/catapa.be\/es\/wp-json\/wp\/v2\/pages\/20579\/revisions"}],"predecessor-version":[{"id":27257,"href":"https:\/\/catapa.be\/es\/wp-json\/wp\/v2\/pages\/20579\/revisions\/27257"}],"up":[{"embeddable":true,"href":"https:\/\/catapa.be\/es\/wp-json\/wp\/v2\/pages\/2962"}],"wp:attachment":[{"href":"https:\/\/catapa.be\/es\/wp-json\/wp\/v2\/media?parent=20579"}],"curies":[{"name":"wp","href":"https:\/\/api.w.org\/{rel}","templated":true}]}}