{"id":37426,"date":"2024-12-19T18:09:13","date_gmt":"2024-12-19T17:09:13","guid":{"rendered":"https:\/\/catapa.be\/integriteit\/"},"modified":"2025-05-29T01:02:18","modified_gmt":"2025-05-28T23:02:18","slug":"integriteit","status":"publish","type":"page","link":"https:\/\/catapa.be\/es\/integriteit\/","title":{"rendered":"Integridad"},"content":{"rendered":"<div class=\"wpb-content-wrapper\"><p>[vc_row][vc_column][vc_column_text css=&#8221;&#8221;]Aspiramos a una organizaci\u00f3n libre de cualquier forma de odio, discriminaci\u00f3n, sexismo u otras formas de hostilidad. Para ello, somos conscientes de los sistemas de poder existentes y nos comprometemos activamente a romperlos. Se trata de un proceso que nunca termina. Requiere una vigilancia constante y la voluntad de seguir cuestion\u00e1ndonos cr\u00edticamente.<\/p>\n<p>CATAPA est\u00e1 comprometida con la inclusi\u00f3n y la seguridad para todos, independientemente del g\u00e9nero, la identidad y expresi\u00f3n de g\u00e9nero, la orientaci\u00f3n sexual, la discapacidad, la apariencia f\u00edsica, la edad, el idioma, el tama\u00f1o corporal, la raza, la etnia, la nacionalidad, la religi\u00f3n, el estatus socioecon\u00f3mico o cualquier otra condici\u00f3n. Nuestro c\u00f3digo \u00e9tico y nuestra pol\u00edtica de integridad nos sirven de gu\u00eda.<\/p>\n<p>\u00bfHa experimentado o visto algo inapropiado en el marco de CATAPA? \u00bfLe gustar\u00eda hacer una denuncia o iniciar una conversaci\u00f3n al respecto? Env\u00ede un correo electr\u00f3nico a integrity@catapa.be<\/p>\n<p>\u00bfDesea presentar una queja? Puede hacerlo a trav\u00e9s de integritycomplaints@catapa.be.<\/p>\n<p>Aqu\u00ed encontrar\u00e1 nuestro procedimiento de quejas.[\/vc_column_text][\/vc_column][\/vc_row][vc_row css=&#8221;.vc_custom_1734628097678{margin-top: -200px !important;}&#8221;][vc_column width=&#8221;1\/2&#8243;][vc_single_image image=&#8221;37467&#8243; img_size=&#8221;large&#8221; onclick=&#8221;custom_link&#8221; css=&#8221;&#8221; link=&#8221;https:\/\/catapa.be\/wp-content\/uploads\/2025\/05\/Codigo-etico-de-CATAPA.pdf&#8221;][\/vc_column][vc_column width=&#8221;1\/2&#8243;][vc_single_image image=&#8221;37471&#8243; img_size=&#8221;large&#8221; onclick=&#8221;custom_link&#8221; css=&#8221;&#8221; link=&#8221;https:\/\/catapa.be\/wp-content\/uploads\/2025\/05\/politica-de-integridad-CATAPA-es.docx.pdf&#8221;][\/vc_column][\/vc_row]<\/p>\n<\/div>","protected":false},"excerpt":{"rendered":"<p>[vc_row][vc_column][vc_column_text css=&#8221;&#8221;]Aspiramos a una organizaci\u00f3n libre de cualquier forma de odio, discriminaci\u00f3n, sexismo u otras formas de hostilidad. Para ello, somos conscientes de los sistemas de poder existentes y nos comprometemos activamente a romperlos. Se<br \/><a class=\"read-more\" href=\"https:\/\/catapa.be\/es\/integriteit\/\">Read More<\/a><\/p>\n","protected":false},"author":72,"featured_media":0,"parent":0,"menu_order":0,"comment_status":"closed","ping_status":"closed","template":"","meta":{"_exactmetrics_skip_tracking":false,"_exactmetrics_sitenote_active":false,"_exactmetrics_sitenote_note":"","_exactmetrics_sitenote_category":0,"jetpack_post_was_ever_published":false,"footnotes":""},"class_list":["post-37426","page","type-page","status-publish","hentry"],"yoast_head":"<!-- This site is optimized with the Yoast SEO plugin v26.8 - https:\/\/yoast.com\/product\/yoast-seo-wordpress\/ -->\n<title>Integridad - CATAPA vzw<\/title>\n<meta name=\"robots\" content=\"index, follow, max-snippet:-1, max-image-preview:large, max-video-preview:-1\" \/>\n<link rel=\"canonical\" href=\"https:\/\/catapa.be\/es\/integriteit\/\" \/>\n<meta property=\"og:locale\" content=\"es_ES\" \/>\n<meta property=\"og:type\" content=\"article\" \/>\n<meta property=\"og:title\" content=\"Integridad - CATAPA vzw\" \/>\n<meta property=\"og:description\" content=\"[vc_row][vc_column][vc_column_text css=&#8221;&#8221;]Aspiramos a una organizaci\u00f3n libre de cualquier forma de odio, discriminaci\u00f3n, sexismo u otras formas de hostilidad. Para ello, somos conscientes de los sistemas de poder existentes y nos comprometemos activamente a romperlos. SeRead More\" \/>\n<meta property=\"og:url\" content=\"https:\/\/catapa.be\/es\/integriteit\/\" \/>\n<meta property=\"og:site_name\" content=\"CATAPA vzw\" \/>\n<meta property=\"article:publisher\" content=\"https:\/\/www.facebook.com\/catapa.belgium\/\" \/>\n<meta property=\"article:modified_time\" content=\"2025-05-28T23:02:18+00:00\" \/>\n<meta name=\"twitter:card\" content=\"summary_large_image\" \/>\n<meta name=\"twitter:site\" content=\"@CATAPA_Belgica\" \/>\n<meta name=\"twitter:label1\" content=\"Tiempo de lectura\" \/>\n\t<meta name=\"twitter:data1\" content=\"1 minute\" \/>\n<script type=\"application\/ld+json\" class=\"yoast-schema-graph\">{\"@context\":\"https:\/\/schema.org\",\"@graph\":[{\"@type\":\"WebPage\",\"@id\":\"https:\/\/catapa.be\/es\/integriteit\/\",\"url\":\"https:\/\/catapa.be\/es\/integriteit\/\",\"name\":\"Integridad - CATAPA vzw\",\"isPartOf\":{\"@id\":\"https:\/\/catapa.be\/es\/#website\"},\"datePublished\":\"2024-12-19T17:09:13+00:00\",\"dateModified\":\"2025-05-28T23:02:18+00:00\",\"breadcrumb\":{\"@id\":\"https:\/\/catapa.be\/es\/integriteit\/#breadcrumb\"},\"inLanguage\":\"es-ES\",\"potentialAction\":[{\"@type\":\"ReadAction\",\"target\":[\"https:\/\/catapa.be\/es\/integriteit\/\"]}]},{\"@type\":\"BreadcrumbList\",\"@id\":\"https:\/\/catapa.be\/es\/integriteit\/#breadcrumb\",\"itemListElement\":[{\"@type\":\"ListItem\",\"position\":1,\"name\":\"Home\",\"item\":\"https:\/\/catapa.be\/es\/\"},{\"@type\":\"ListItem\",\"position\":2,\"name\":\"Integridad\"}]},{\"@type\":\"WebSite\",\"@id\":\"https:\/\/catapa.be\/es\/#website\",\"url\":\"https:\/\/catapa.be\/es\/\",\"name\":\"CATAPA vzw\",\"description\":\"Comit\u00e9 Acad\u00e9mico T\u00e9cnico de Asesoramiento a Problemas Ambientales\",\"publisher\":{\"@id\":\"https:\/\/catapa.be\/es\/#organization\"},\"potentialAction\":[{\"@type\":\"SearchAction\",\"target\":{\"@type\":\"EntryPoint\",\"urlTemplate\":\"https:\/\/catapa.be\/es\/?s={search_term_string}\"},\"query-input\":{\"@type\":\"PropertyValueSpecification\",\"valueRequired\":true,\"valueName\":\"search_term_string\"}}],\"inLanguage\":\"es-ES\"},{\"@type\":\"Organization\",\"@id\":\"https:\/\/catapa.be\/es\/#organization\",\"name\":\"CATAPA vzw\",\"url\":\"https:\/\/catapa.be\/es\/\",\"logo\":{\"@type\":\"ImageObject\",\"inLanguage\":\"es-ES\",\"@id\":\"https:\/\/catapa.be\/es\/#\/schema\/logo\/image\/\",\"url\":\"https:\/\/i0.wp.com\/catapa.be\/wp-content\/uploads\/2019\/02\/NEW20LOGO20SHORT20PNG1.png?fit=1259%2C1321&ssl=1\",\"contentUrl\":\"https:\/\/i0.wp.com\/catapa.be\/wp-content\/uploads\/2019\/02\/NEW20LOGO20SHORT20PNG1.png?fit=1259%2C1321&ssl=1\",\"width\":1259,\"height\":1321,\"caption\":\"CATAPA vzw\"},\"image\":{\"@id\":\"https:\/\/catapa.be\/es\/#\/schema\/logo\/image\/\"},\"sameAs\":[\"https:\/\/www.facebook.com\/catapa.belgium\/\",\"https:\/\/x.com\/CATAPA_Belgica\",\"https:\/\/www.instagram.com\/catapa_vzw\/\",\"https:\/\/be.linkedin.com\/company\/catapavzw\",\"https:\/\/www.youtube.com\/channel\/UCE52-Fiyv-Fpqf2gi1qhf1g\"]}]}<\/script>\n<!-- \/ Yoast SEO plugin. -->","yoast_head_json":{"title":"Integridad - CATAPA vzw","robots":{"index":"index","follow":"follow","max-snippet":"max-snippet:-1","max-image-preview":"max-image-preview:large","max-video-preview":"max-video-preview:-1"},"canonical":"https:\/\/catapa.be\/es\/integriteit\/","og_locale":"es_ES","og_type":"article","og_title":"Integridad - CATAPA vzw","og_description":"[vc_row][vc_column][vc_column_text css=&#8221;&#8221;]Aspiramos a una organizaci\u00f3n libre de cualquier forma de odio, discriminaci\u00f3n, sexismo u otras formas de hostilidad. Para ello, somos conscientes de los sistemas de poder existentes y nos comprometemos activamente a romperlos. SeRead More","og_url":"https:\/\/catapa.be\/es\/integriteit\/","og_site_name":"CATAPA vzw","article_publisher":"https:\/\/www.facebook.com\/catapa.belgium\/","article_modified_time":"2025-05-28T23:02:18+00:00","twitter_card":"summary_large_image","twitter_site":"@CATAPA_Belgica","twitter_misc":{"Tiempo de lectura":"1 minute"},"schema":{"@context":"https:\/\/schema.org","@graph":[{"@type":"WebPage","@id":"https:\/\/catapa.be\/es\/integriteit\/","url":"https:\/\/catapa.be\/es\/integriteit\/","name":"Integridad - CATAPA vzw","isPartOf":{"@id":"https:\/\/catapa.be\/es\/#website"},"datePublished":"2024-12-19T17:09:13+00:00","dateModified":"2025-05-28T23:02:18+00:00","breadcrumb":{"@id":"https:\/\/catapa.be\/es\/integriteit\/#breadcrumb"},"inLanguage":"es-ES","potentialAction":[{"@type":"ReadAction","target":["https:\/\/catapa.be\/es\/integriteit\/"]}]},{"@type":"BreadcrumbList","@id":"https:\/\/catapa.be\/es\/integriteit\/#breadcrumb","itemListElement":[{"@type":"ListItem","position":1,"name":"Home","item":"https:\/\/catapa.be\/es\/"},{"@type":"ListItem","position":2,"name":"Integridad"}]},{"@type":"WebSite","@id":"https:\/\/catapa.be\/es\/#website","url":"https:\/\/catapa.be\/es\/","name":"CATAPA vzw","description":"Comit\u00e9 Acad\u00e9mico T\u00e9cnico de Asesoramiento a Problemas Ambientales","publisher":{"@id":"https:\/\/catapa.be\/es\/#organization"},"potentialAction":[{"@type":"SearchAction","target":{"@type":"EntryPoint","urlTemplate":"https:\/\/catapa.be\/es\/?s={search_term_string}"},"query-input":{"@type":"PropertyValueSpecification","valueRequired":true,"valueName":"search_term_string"}}],"inLanguage":"es-ES"},{"@type":"Organization","@id":"https:\/\/catapa.be\/es\/#organization","name":"CATAPA vzw","url":"https:\/\/catapa.be\/es\/","logo":{"@type":"ImageObject","inLanguage":"es-ES","@id":"https:\/\/catapa.be\/es\/#\/schema\/logo\/image\/","url":"https:\/\/i0.wp.com\/catapa.be\/wp-content\/uploads\/2019\/02\/NEW20LOGO20SHORT20PNG1.png?fit=1259%2C1321&ssl=1","contentUrl":"https:\/\/i0.wp.com\/catapa.be\/wp-content\/uploads\/2019\/02\/NEW20LOGO20SHORT20PNG1.png?fit=1259%2C1321&ssl=1","width":1259,"height":1321,"caption":"CATAPA vzw"},"image":{"@id":"https:\/\/catapa.be\/es\/#\/schema\/logo\/image\/"},"sameAs":["https:\/\/www.facebook.com\/catapa.belgium\/","https:\/\/x.com\/CATAPA_Belgica","https:\/\/www.instagram.com\/catapa_vzw\/","https:\/\/be.linkedin.com\/company\/catapavzw","https:\/\/www.youtube.com\/channel\/UCE52-Fiyv-Fpqf2gi1qhf1g"]}]}},"jetpack_sharing_enabled":true,"jetpack_likes_enabled":true,"jetpack-related-posts":[{"id":33964,"url":"https:\/\/catapa.be\/es\/labor\/campanas\/right-to-say-no\/encuentro-por-el-derecho-a-decir-no-en-la-region-de-los-andes\/","url_meta":{"origin":37426,"position":0},"title":"Encuentro por el Derecho a Decir No en la Regi\u00f3n de los Andes","author":"Simon Berlo","date":"07\/08\/2023","format":false,"excerpt":"[vc_section][vc_row css=\".vc_custom_1690880892961{margin-top: 0px !important;margin-bottom: 0px !important;border-top-width: 0px !important;border-bottom-width: 0px !important;padding-top: 0px !important;padding-bottom: 0px !important;}\"][vc_column css=\".vc_custom_1690880879850{margin-top: 0px !important;margin-bottom: 0px !important;border-top-width: 0px !important;border-bottom-width: 0px !important;padding-top: 0px !important;padding-bottom: 0px !important;}\"][vc_column_text] Conocimientos compartidos y solidaridad en las luchas contra la miner\u00eda [\/vc_column_text][vc_column_text]Cada cuatro a\u00f1os, las organizaciones socias de CATAPA se re\u00fanen en el territorio\u2026","rel":"","context":"Entrada similar","block_context":{"text":"Entrada similar","link":""},"img":{"alt_text":"","src":"","width":0,"height":0},"classes":[]},{"id":3052,"url":"https:\/\/catapa.be\/es\/actua-ahora\/ponencias-y-talleres\/","url_meta":{"origin":37426,"position":1},"title":"Talleres","author":"Alienor de Sas","date":"23\/05\/2018","format":false,"excerpt":"[vc_row][vc_column][vc_cta h2=\"Resumen de talleres CATAPA\" style=\"custom\" custom_background=\"#009c55\" custom_text=\"#ffffff\"][\/vc_cta][vc_tta_tour][vc_tta_section title=\"Los l\u00edmites del crecimiento\" tab_id=\"1622664968691-cabd0016-57d7\"][vc_custom_heading text=\"Los l\u00edmites del crecimiento\" font_container=\"tag:h2|font_size:20|text_align:center\" google_fonts=\"font_family:Quicksand%3A300%2Cregular%2C700|font_style:700%20bold%20regular%3A700%3Anormal\"][vc_cta h2=\"\" shape=\"square\" add_icon=\"left\" i_icon_fontawesome=\"fa fa-info\" i_color=\"custom\" i_size=\"lg\" i_custom_color=\"#009c55\"]Orientado a mayores de 18 a\u00f1os Duraci\u00f3n: 2-3 horas (se puede adaptar seg\u00fan las necesidades) Tama\u00f1o del grupo: 15-25 personas Idioma: Neerland\u00e9s o ingl\u00e9s\u2026","rel":"","context":"Entrada similar","block_context":{"text":"Entrada similar","link":""},"img":{"alt_text":"","src":"https:\/\/i2.wp.com\/catapa.be\/wp-content\/uploads\/2021\/06\/unnamed-1.png?resize=350%2C200&ssl=1","width":350,"height":200},"classes":[]},{"id":20579,"url":"https:\/\/catapa.be\/es\/actua-ahora\/hazte-miembro\/","url_meta":{"origin":37426,"position":2},"title":"\u00a1Hazte miembro!","author":"Alberto V\u00e1zquez Ruiz","date":"30\/03\/2021","format":false,"excerpt":"[vc_row][vc_column][vc_column_text] La Asamblea General de CATAPA La Asamblea General (AG) es el m\u00e1ximo \u00f3rgano de toma de decisiones de una organizaci\u00f3n sin fines de lucro. La AG est\u00e1 formada por quienes tengan membres\u00eda dentro de CATAPA. La membres\u00eda implica un derecho de voto igual dentro de la AG. Cada nueva\u2026","rel":"","context":"Entrada similar","block_context":{"text":"Entrada similar","link":""},"img":{"alt_text":"","src":"","width":0,"height":0},"classes":[]},{"id":3043,"url":"https:\/\/catapa.be\/es\/labor\/estrategia\/","url_meta":{"origin":37426,"position":3},"title":"Estrategia","author":"Alienor de Sas","date":"20\/05\/2018","format":false,"excerpt":"[vc_row css=\".vc_custom_1533807373745{margin-top: -50px !important;margin-bottom: 50px !important;}\"][vc_column][vc_cta h2=\"CATAPA es un movimiento cr\u00edtico de ciudadan\u00eda activa.\" h4=\"Traspasando fronteras luchamos, de manera horizontal, por un mundo donde la explotaci\u00f3n de recursos naturales no sostenibles ya no ser\u00e1 necesaria.\" style=\"custom\" css_animation=\"none\" custom_background=\"#01a053\" custom_text=\"#ffffff\"][\/vc_cta][\/vc_column][\/vc_row][vc_row full_width=\"stretch_row\" content_placement=\"middle\" css=\".vc_custom_1533808586582{margin-top: -100px !important;background-color: #f7f7f7 !important;}\"][vc_column][vc_column_text] CATAPA es\u00a0un movimiento cr\u00edtico\u2026","rel":"","context":"Entrada similar","block_context":{"text":"Entrada similar","link":""},"img":{"alt_text":"","src":"","width":0,"height":0},"classes":[]},{"id":3048,"url":"https:\/\/catapa.be\/es\/labor\/grupos-de-trabajo\/","url_meta":{"origin":37426,"position":4},"title":"Grupos de trabajo","author":"Alienor de Sas","date":"20\/05\/2018","format":false,"excerpt":"[vc_row css=\".vc_custom_1533807373745{margin-top: -50px !important;margin-bottom: 50px !important;}\"][vc_column][vc_cta 0=\"h4=``...se\" 1=\"divide\" 2=\"en\" 3=\"``grupos\" 4=\"de\" 5=\"trabajo\" 6=\"del\" 7=\"Sur``,\" 8=\"que\" 9=\"alberga\" 10=\"nuestro\" 11=\"trabajo\" 12=\"directo\" 13=\"con\" 14=\"las\" 15=\"organizaciones\" 16=\"asociadas\" 17=\"en\" 18=\"Am\u00e9rica\" 19=\"Latina;\" 20=\"y\" 21=\"``grupos\" 22=\"de\" 23=\"trabajo\" 24=\"del\" 25=\"Norte``,\" 26=\"que\" 27=\"incluye\" 28=\"todas\" 29=\"las\" 30=\"actividades\" 31=\"que\" 32=\"se\" 33=\"llevan\" 34=\"a\" 35=\"cabo\" 36=\"desde\" 37=\"B\u00e9lgica,\" 38=\"donde\" 39=\"se\" 40=\"encuentra\" 41=\"la\" 42=\"sede\" 43=\"de\"\u2026","rel":"","context":"Entrada similar","block_context":{"text":"Entrada similar","link":""},"img":{"alt_text":"","src":"","width":0,"height":0},"classes":[]},{"id":32866,"url":"https:\/\/catapa.be\/es\/el-derecho-a-decir-no-desde-ecuador-hasta-belgica\/","url_meta":{"origin":37426,"position":5},"title":"El Derecho a Decir No, desde Ecuador hasta B\u00e9lgica","author":"Estefan\u00eda","date":"07\/02\/2023","format":false,"excerpt":"[vc_row css=\".vc_custom_1675936624176{margin-top: 0px !important;margin-bottom: 0px !important;border-top-width: 0px !important;border-bottom-width: 0px !important;padding-top: 0px !important;padding-bottom: 0px !important;}\"][vc_column width=\"1\/2\"][vc_cta h2=\"CATAPA celebra un nuevo Speaker Tour junto a activistas de Ecuador\"][\/vc_cta][vc_gallery type=\"flexslider_slide\" interval=\"10\" images=\"32763,32766,32757,32760,32769\" img_size=\"full\"][\/vc_column][vc_column width=\"1\/2\"][vc_cta h2=\"\" style=\"custom\" custom_background=\"#01a053\" custom_text=\"#ffffff\"]Un a\u00f1o m\u00e1s CATAPA invita a varias activistas de Latinoam\u00e9rica para dar a conocer de primera\u2026","rel":"","context":"Entrada similar","block_context":{"text":"Entrada similar","link":""},"img":{"alt_text":"","src":"https:\/\/i0.wp.com\/catapa.be\/wp-content\/uploads\/2023\/02\/webteaser.png?fit=1200%2C675&ssl=1&resize=350%2C200","width":350,"height":200,"srcset":"https:\/\/i0.wp.com\/catapa.be\/wp-content\/uploads\/2023\/02\/webteaser.png?fit=1200%2C675&ssl=1&resize=350%2C200 1x, https:\/\/i0.wp.com\/catapa.be\/wp-content\/uploads\/2023\/02\/webteaser.png?fit=1200%2C675&ssl=1&resize=525%2C300 1.5x, https:\/\/i0.wp.com\/catapa.be\/wp-content\/uploads\/2023\/02\/webteaser.png?fit=1200%2C675&ssl=1&resize=700%2C400 2x, https:\/\/i0.wp.com\/catapa.be\/wp-content\/uploads\/2023\/02\/webteaser.png?fit=1200%2C675&ssl=1&resize=1050%2C600 3x"},"classes":[]}],"_links":{"self":[{"href":"https:\/\/catapa.be\/es\/wp-json\/wp\/v2\/pages\/37426","targetHints":{"allow":["GET"]}}],"collection":[{"href":"https:\/\/catapa.be\/es\/wp-json\/wp\/v2\/pages"}],"about":[{"href":"https:\/\/catapa.be\/es\/wp-json\/wp\/v2\/types\/page"}],"author":[{"embeddable":true,"href":"https:\/\/catapa.be\/es\/wp-json\/wp\/v2\/users\/72"}],"replies":[{"embeddable":true,"href":"https:\/\/catapa.be\/es\/wp-json\/wp\/v2\/comments?post=37426"}],"version-history":[{"count":7,"href":"https:\/\/catapa.be\/es\/wp-json\/wp\/v2\/pages\/37426\/revisions"}],"predecessor-version":[{"id":37474,"href":"https:\/\/catapa.be\/es\/wp-json\/wp\/v2\/pages\/37426\/revisions\/37474"}],"wp:attachment":[{"href":"https:\/\/catapa.be\/es\/wp-json\/wp\/v2\/media?parent=37426"}],"curies":[{"name":"wp","href":"https:\/\/api.w.org\/{rel}","templated":true}]}}