{"id":35274,"date":"2024-03-04T17:27:53","date_gmt":"2024-03-04T16:27:53","guid":{"rendered":"https:\/\/catapa.be\/event\/mining-in-colombia-meet-the-environmental-defenders\/"},"modified":"2024-03-07T16:34:07","modified_gmt":"2024-03-07T15:34:07","slug":"mining-in-colombia-meet-the-environmental-defenders","status":"publish","type":"tribe_events","link":"https:\/\/catapa.be\/nl\/event\/mining-in-colombia-meet-the-environmental-defenders\/","title":{"rendered":"Mijnbouw in Colombia: ontmoet de milieuverdedigers"},"content":{"rendered":"<div class=\"xdj266r x11i5rnm xat24cr x1mh8g0r x1vvkbs\"><b>Carolina en Wilder, twee activisten uit Falan, Colombia, bouwen een beweging om hun regio te verdedigen tegen mijnbouwbedrijven en hun kolonialisme.\u00a0<\/b>Ze hebben het recht om nee te zeggen tegen de vernietiging van hun regio. Komt naar de events tijdens de Right to Say No Tour om te horen over de ervaringen van deze milieuverdedigers, hoe onze &#8220;groene&#8221; transitie een impact heeft op hun levens en hoe degrowht hun strijd kan helpen.<\/p>\n<p>Carolina en Wilder komen naar Belgi\u00eb om hun strijd tegen mijnbouw in Colombia te delen en te vertellen over hoe dat gepaard gaat met angst en het risico om ge\u00efntimideerd, gestigmatiseerd en vervolgd te worden. De Right to Say No Tour maakt mensen bewust of deze onrechtvaardigheid en wil een steunnetwerk cre\u00ebren voor milieuverdedigers, zodat zij, wanneer ze terugkeren naar Colombia, de nodige middelen hebben om hun thuis te beschermen!<\/p>\n<p>Ontmoet Carolina en Wilder voor een lezing gevolgd door een Q&amp;A sessie. Wees erbij op 25 maart, 2024 (19u30 &#8211; 21u) in de universiteit van Antwerpen, Stadscampus &#8211; Zomaar een dak, Prinsstraat 32.<\/p><\/div>\n","protected":false},"excerpt":{"rendered":"<p>Carolina en Wilder, twee activisten uit Falan, Colombia, bouwen een beweging om hun regio te verdedigen tegen mijnbouwbedrijven en hun kolonialisme.\u00a0Ze hebben het recht om nee te zeggen tegen de vernietiging van hun regio. Komt<br \/><a class=\"read-more\" href=\"https:\/\/catapa.be\/nl\/event\/mining-in-colombia-meet-the-environmental-defenders\/\">Read More<\/a><\/p>\n","protected":false},"author":70,"featured_media":35196,"comment_status":"open","ping_status":"closed","template":"","meta":{"_exactmetrics_skip_tracking":false,"_exactmetrics_sitenote_active":false,"_exactmetrics_sitenote_note":"","_exactmetrics_sitenote_category":0,"jetpack_post_was_ever_published":false,"_tribe_events_status":"","_tribe_events_status_reason":"","_tribe_events_is_hybrid":"","_tribe_events_is_virtual":"","_tribe_events_virtual_video_source":"","_tribe_events_virtual_embed_video":"","_tribe_events_virtual_linked_button_text":"","_tribe_events_virtual_linked_button":"","_tribe_events_virtual_show_embed_at":"","_tribe_events_virtual_show_embed_to":[],"_tribe_events_virtual_show_on_event":"","_tribe_events_virtual_show_on_views":"","_tribe_events_virtual_url":"","footnotes":""},"tags":[],"tribe_events_cat":[1235],"class_list":["post-35274","tribe_events","type-tribe_events","status-publish","has-post-thumbnail","hentry","tribe_events_cat-right-to-say-no-tour-nl","cat_right-to-say-no-tour-nl"],"yoast_head":"<!-- This site is optimized with the Yoast SEO plugin v26.8 - https:\/\/yoast.com\/product\/yoast-seo-wordpress\/ -->\n<title>Mijnbouw in Colombia: ontmoet de milieuverdedigers - CATAPA vzw<\/title>\n<meta name=\"robots\" content=\"index, follow, max-snippet:-1, max-image-preview:large, max-video-preview:-1\" \/>\n<link rel=\"canonical\" href=\"https:\/\/catapa.be\/nl\/event\/mining-in-colombia-meet-the-environmental-defenders\/\" \/>\n<meta property=\"og:locale\" content=\"nl_NL\" \/>\n<meta property=\"og:type\" content=\"article\" \/>\n<meta property=\"og:title\" content=\"Mijnbouw in Colombia: ontmoet de milieuverdedigers - CATAPA vzw\" \/>\n<meta property=\"og:description\" content=\"Carolina en Wilder, twee activisten uit Falan, Colombia, bouwen een beweging om hun regio te verdedigen tegen mijnbouwbedrijven en hun kolonialisme.\u00a0Ze hebben het recht om nee te zeggen tegen de vernietiging van hun regio. KomtRead More\" \/>\n<meta property=\"og:url\" content=\"https:\/\/catapa.be\/nl\/event\/mining-in-colombia-meet-the-environmental-defenders\/\" \/>\n<meta property=\"og:site_name\" content=\"CATAPA vzw\" \/>\n<meta property=\"article:publisher\" content=\"https:\/\/www.facebook.com\/catapa.belgium\/\" \/>\n<meta property=\"article:modified_time\" content=\"2024-03-07T15:34:07+00:00\" \/>\n<meta property=\"og:image\" content=\"https:\/\/catapa.be\/wp-content\/uploads\/2024\/03\/Right-to-sayPRUEBA-e1709570173901.png\" \/>\n\t<meta property=\"og:image:width\" content=\"600\" \/>\n\t<meta property=\"og:image:height\" content=\"600\" \/>\n\t<meta property=\"og:image:type\" content=\"image\/png\" \/>\n<meta name=\"twitter:card\" content=\"summary_large_image\" \/>\n<meta name=\"twitter:site\" content=\"@CATAPA_Belgica\" \/>\n<meta name=\"twitter:label1\" content=\"Geschatte leestijd\" \/>\n\t<meta name=\"twitter:data1\" content=\"1 minuut\" \/>\n<script type=\"application\/ld+json\" class=\"yoast-schema-graph\">{\"@context\":\"https:\/\/schema.org\",\"@graph\":[{\"@type\":\"WebPage\",\"@id\":\"https:\/\/catapa.be\/nl\/event\/mining-in-colombia-meet-the-environmental-defenders\/\",\"url\":\"https:\/\/catapa.be\/nl\/event\/mining-in-colombia-meet-the-environmental-defenders\/\",\"name\":\"Mijnbouw in Colombia: ontmoet de milieuverdedigers - CATAPA vzw\",\"isPartOf\":{\"@id\":\"https:\/\/catapa.be\/nl\/#website\"},\"primaryImageOfPage\":{\"@id\":\"https:\/\/catapa.be\/nl\/event\/mining-in-colombia-meet-the-environmental-defenders\/#primaryimage\"},\"image\":{\"@id\":\"https:\/\/catapa.be\/nl\/event\/mining-in-colombia-meet-the-environmental-defenders\/#primaryimage\"},\"thumbnailUrl\":\"https:\/\/i0.wp.com\/catapa.be\/wp-content\/uploads\/2024\/03\/Right-to-sayPRUEBA-e1709570173901.png?fit=600%2C600&ssl=1\",\"datePublished\":\"2024-03-04T16:27:53+00:00\",\"dateModified\":\"2024-03-07T15:34:07+00:00\",\"breadcrumb\":{\"@id\":\"https:\/\/catapa.be\/nl\/event\/mining-in-colombia-meet-the-environmental-defenders\/#breadcrumb\"},\"inLanguage\":\"nl-NL\",\"potentialAction\":[{\"@type\":\"ReadAction\",\"target\":[\"https:\/\/catapa.be\/nl\/event\/mining-in-colombia-meet-the-environmental-defenders\/\"]}]},{\"@type\":\"ImageObject\",\"inLanguage\":\"nl-NL\",\"@id\":\"https:\/\/catapa.be\/nl\/event\/mining-in-colombia-meet-the-environmental-defenders\/#primaryimage\",\"url\":\"https:\/\/i0.wp.com\/catapa.be\/wp-content\/uploads\/2024\/03\/Right-to-sayPRUEBA-e1709570173901.png?fit=600%2C600&ssl=1\",\"contentUrl\":\"https:\/\/i0.wp.com\/catapa.be\/wp-content\/uploads\/2024\/03\/Right-to-sayPRUEBA-e1709570173901.png?fit=600%2C600&ssl=1\",\"width\":600,\"height\":600},{\"@type\":\"BreadcrumbList\",\"@id\":\"https:\/\/catapa.be\/nl\/event\/mining-in-colombia-meet-the-environmental-defenders\/#breadcrumb\",\"itemListElement\":[{\"@type\":\"ListItem\",\"position\":1,\"name\":\"Home\",\"item\":\"https:\/\/catapa.be\/nl\/\"},{\"@type\":\"ListItem\",\"position\":2,\"name\":\"Evenementen\",\"item\":\"https:\/\/catapa.be\/nl\/events\/\"},{\"@type\":\"ListItem\",\"position\":3,\"name\":\"Mijnbouw in Colombia: ontmoet de milieuverdedigers\"}]},{\"@type\":\"WebSite\",\"@id\":\"https:\/\/catapa.be\/nl\/#website\",\"url\":\"https:\/\/catapa.be\/nl\/\",\"name\":\"CATAPA vzw\",\"description\":\"Comit\u00e9 Acad\u00e9mico T\u00e9cnico de Asesoramiento a Problemas Ambientales\",\"publisher\":{\"@id\":\"https:\/\/catapa.be\/nl\/#organization\"},\"potentialAction\":[{\"@type\":\"SearchAction\",\"target\":{\"@type\":\"EntryPoint\",\"urlTemplate\":\"https:\/\/catapa.be\/nl\/?s={search_term_string}\"},\"query-input\":{\"@type\":\"PropertyValueSpecification\",\"valueRequired\":true,\"valueName\":\"search_term_string\"}}],\"inLanguage\":\"nl-NL\"},{\"@type\":\"Organization\",\"@id\":\"https:\/\/catapa.be\/nl\/#organization\",\"name\":\"CATAPA vzw\",\"url\":\"https:\/\/catapa.be\/nl\/\",\"logo\":{\"@type\":\"ImageObject\",\"inLanguage\":\"nl-NL\",\"@id\":\"https:\/\/catapa.be\/nl\/#\/schema\/logo\/image\/\",\"url\":\"https:\/\/i0.wp.com\/catapa.be\/wp-content\/uploads\/2019\/02\/NEW20LOGO20SHORT20PNG1.png?fit=1259%2C1321&ssl=1\",\"contentUrl\":\"https:\/\/i0.wp.com\/catapa.be\/wp-content\/uploads\/2019\/02\/NEW20LOGO20SHORT20PNG1.png?fit=1259%2C1321&ssl=1\",\"width\":1259,\"height\":1321,\"caption\":\"CATAPA vzw\"},\"image\":{\"@id\":\"https:\/\/catapa.be\/nl\/#\/schema\/logo\/image\/\"},\"sameAs\":[\"https:\/\/www.facebook.com\/catapa.belgium\/\",\"https:\/\/x.com\/CATAPA_Belgica\",\"https:\/\/www.instagram.com\/catapa_vzw\/\",\"https:\/\/be.linkedin.com\/company\/catapavzw\",\"https:\/\/www.youtube.com\/channel\/UCE52-Fiyv-Fpqf2gi1qhf1g\"]}]}<\/script>\n<!-- \/ Yoast SEO plugin. -->","yoast_head_json":{"title":"Mijnbouw in Colombia: ontmoet de milieuverdedigers - CATAPA vzw","robots":{"index":"index","follow":"follow","max-snippet":"max-snippet:-1","max-image-preview":"max-image-preview:large","max-video-preview":"max-video-preview:-1"},"canonical":"https:\/\/catapa.be\/nl\/event\/mining-in-colombia-meet-the-environmental-defenders\/","og_locale":"nl_NL","og_type":"article","og_title":"Mijnbouw in Colombia: ontmoet de milieuverdedigers - CATAPA vzw","og_description":"Carolina en Wilder, twee activisten uit Falan, Colombia, bouwen een beweging om hun regio te verdedigen tegen mijnbouwbedrijven en hun kolonialisme.\u00a0Ze hebben het recht om nee te zeggen tegen de vernietiging van hun regio. KomtRead More","og_url":"https:\/\/catapa.be\/nl\/event\/mining-in-colombia-meet-the-environmental-defenders\/","og_site_name":"CATAPA vzw","article_publisher":"https:\/\/www.facebook.com\/catapa.belgium\/","article_modified_time":"2024-03-07T15:34:07+00:00","og_image":[{"width":600,"height":600,"url":"https:\/\/catapa.be\/wp-content\/uploads\/2024\/03\/Right-to-sayPRUEBA-e1709570173901.png","type":"image\/png"}],"twitter_card":"summary_large_image","twitter_site":"@CATAPA_Belgica","twitter_misc":{"Geschatte leestijd":"1 minuut"},"schema":{"@context":"https:\/\/schema.org","@graph":[{"@type":"WebPage","@id":"https:\/\/catapa.be\/nl\/event\/mining-in-colombia-meet-the-environmental-defenders\/","url":"https:\/\/catapa.be\/nl\/event\/mining-in-colombia-meet-the-environmental-defenders\/","name":"Mijnbouw in Colombia: ontmoet de milieuverdedigers - CATAPA vzw","isPartOf":{"@id":"https:\/\/catapa.be\/nl\/#website"},"primaryImageOfPage":{"@id":"https:\/\/catapa.be\/nl\/event\/mining-in-colombia-meet-the-environmental-defenders\/#primaryimage"},"image":{"@id":"https:\/\/catapa.be\/nl\/event\/mining-in-colombia-meet-the-environmental-defenders\/#primaryimage"},"thumbnailUrl":"https:\/\/i0.wp.com\/catapa.be\/wp-content\/uploads\/2024\/03\/Right-to-sayPRUEBA-e1709570173901.png?fit=600%2C600&ssl=1","datePublished":"2024-03-04T16:27:53+00:00","dateModified":"2024-03-07T15:34:07+00:00","breadcrumb":{"@id":"https:\/\/catapa.be\/nl\/event\/mining-in-colombia-meet-the-environmental-defenders\/#breadcrumb"},"inLanguage":"nl-NL","potentialAction":[{"@type":"ReadAction","target":["https:\/\/catapa.be\/nl\/event\/mining-in-colombia-meet-the-environmental-defenders\/"]}]},{"@type":"ImageObject","inLanguage":"nl-NL","@id":"https:\/\/catapa.be\/nl\/event\/mining-in-colombia-meet-the-environmental-defenders\/#primaryimage","url":"https:\/\/i0.wp.com\/catapa.be\/wp-content\/uploads\/2024\/03\/Right-to-sayPRUEBA-e1709570173901.png?fit=600%2C600&ssl=1","contentUrl":"https:\/\/i0.wp.com\/catapa.be\/wp-content\/uploads\/2024\/03\/Right-to-sayPRUEBA-e1709570173901.png?fit=600%2C600&ssl=1","width":600,"height":600},{"@type":"BreadcrumbList","@id":"https:\/\/catapa.be\/nl\/event\/mining-in-colombia-meet-the-environmental-defenders\/#breadcrumb","itemListElement":[{"@type":"ListItem","position":1,"name":"Home","item":"https:\/\/catapa.be\/nl\/"},{"@type":"ListItem","position":2,"name":"Evenementen","item":"https:\/\/catapa.be\/nl\/events\/"},{"@type":"ListItem","position":3,"name":"Mijnbouw in Colombia: ontmoet de milieuverdedigers"}]},{"@type":"WebSite","@id":"https:\/\/catapa.be\/nl\/#website","url":"https:\/\/catapa.be\/nl\/","name":"CATAPA vzw","description":"Comit\u00e9 Acad\u00e9mico T\u00e9cnico de Asesoramiento a Problemas Ambientales","publisher":{"@id":"https:\/\/catapa.be\/nl\/#organization"},"potentialAction":[{"@type":"SearchAction","target":{"@type":"EntryPoint","urlTemplate":"https:\/\/catapa.be\/nl\/?s={search_term_string}"},"query-input":{"@type":"PropertyValueSpecification","valueRequired":true,"valueName":"search_term_string"}}],"inLanguage":"nl-NL"},{"@type":"Organization","@id":"https:\/\/catapa.be\/nl\/#organization","name":"CATAPA vzw","url":"https:\/\/catapa.be\/nl\/","logo":{"@type":"ImageObject","inLanguage":"nl-NL","@id":"https:\/\/catapa.be\/nl\/#\/schema\/logo\/image\/","url":"https:\/\/i0.wp.com\/catapa.be\/wp-content\/uploads\/2019\/02\/NEW20LOGO20SHORT20PNG1.png?fit=1259%2C1321&ssl=1","contentUrl":"https:\/\/i0.wp.com\/catapa.be\/wp-content\/uploads\/2019\/02\/NEW20LOGO20SHORT20PNG1.png?fit=1259%2C1321&ssl=1","width":1259,"height":1321,"caption":"CATAPA vzw"},"image":{"@id":"https:\/\/catapa.be\/nl\/#\/schema\/logo\/image\/"},"sameAs":["https:\/\/www.facebook.com\/catapa.belgium\/","https:\/\/x.com\/CATAPA_Belgica","https:\/\/www.instagram.com\/catapa_vzw\/","https:\/\/be.linkedin.com\/company\/catapavzw","https:\/\/www.youtube.com\/channel\/UCE52-Fiyv-Fpqf2gi1qhf1g"]}]}},"jetpack_sharing_enabled":true,"jetpack_likes_enabled":true,"_links":{"self":[{"href":"https:\/\/catapa.be\/nl\/wp-json\/wp\/v2\/tribe_events\/35274","targetHints":{"allow":["GET"]}}],"collection":[{"href":"https:\/\/catapa.be\/nl\/wp-json\/wp\/v2\/tribe_events"}],"about":[{"href":"https:\/\/catapa.be\/nl\/wp-json\/wp\/v2\/types\/tribe_events"}],"author":[{"embeddable":true,"href":"https:\/\/catapa.be\/nl\/wp-json\/wp\/v2\/users\/70"}],"replies":[{"embeddable":true,"href":"https:\/\/catapa.be\/nl\/wp-json\/wp\/v2\/comments?post=35274"}],"version-history":[{"count":1,"href":"https:\/\/catapa.be\/nl\/wp-json\/wp\/v2\/tribe_events\/35274\/revisions"}],"predecessor-version":[{"id":35275,"href":"https:\/\/catapa.be\/nl\/wp-json\/wp\/v2\/tribe_events\/35274\/revisions\/35275"}],"wp:featuredmedia":[{"embeddable":true,"href":"https:\/\/catapa.be\/nl\/wp-json\/wp\/v2\/media\/35196"}],"wp:attachment":[{"href":"https:\/\/catapa.be\/nl\/wp-json\/wp\/v2\/media?parent=35274"}],"wp:term":[{"taxonomy":"post_tag","embeddable":true,"href":"https:\/\/catapa.be\/nl\/wp-json\/wp\/v2\/tags?post=35274"},{"taxonomy":"tribe_events_cat","embeddable":true,"href":"https:\/\/catapa.be\/nl\/wp-json\/wp\/v2\/tribe_events_cat?post=35274"}],"curies":[{"name":"wp","href":"https:\/\/api.w.org\/{rel}","templated":true}]}}